{"id":958,"date":"2018-09-24T14:29:36","date_gmt":"2018-09-24T14:29:36","guid":{"rendered":"http:\/\/80plus.es\/our-coffees\/"},"modified":"2022-06-08T08:03:21","modified_gmt":"2022-06-08T08:03:21","slug":"nuestros-cafes","status":"publish","type":"page","link":"https:\/\/80plus.es\/es\/nuestros-cafes\/","title":{"rendered":"Nuestros caf\u00e9s"},"content":{"rendered":"\n<style type=\"text\/css\" data-created_by=\"avia_inline_auto\" id=\"style-css-av-1hhei-6163943ae54d330c8fc560a48102ed91\">\n.flex_column.av-1hhei-6163943ae54d330c8fc560a48102ed91{\n-webkit-border-radius:0px 0px 0px 0px;\n-moz-border-radius:0px 0px 0px 0px;\nborder-radius:0px 0px 0px 0px;\npadding:0px 0px 0px 0px;\n}\n<\/style>\n<div  class='flex_column av-1hhei-6163943ae54d330c8fc560a48102ed91 av_one_full  avia-builder-el-0  el_before_av_one_half  avia-builder-el-first  first flex_column_div av-zero-column-padding  '     ><section  class='av_textblock_section av-jmhszkn3-ba7c8ec4ff1835acf334cf3167ba09d0 '   itemscope=\"itemscope\" itemtype=\"https:\/\/schema.org\/CreativeWork\" ><div class='avia_textblock dark'  itemprop=\"text\" ><h2>Nuestros caf\u00e9s<\/h2>\n<h3>INFO SOBRE LOS CAF\u00c9S Y EL TUESTE<\/h3>\n<\/div><\/section><\/div>\n\n<style type=\"text\/css\" data-created_by=\"avia_inline_auto\" id=\"style-css-av-1hhei-6163943ae54d330c8fc560a48102ed91\">\n.flex_column.av-1hhei-6163943ae54d330c8fc560a48102ed91{\n-webkit-border-radius:0px 0px 0px 0px;\n-moz-border-radius:0px 0px 0px 0px;\nborder-radius:0px 0px 0px 0px;\npadding:0px 0px 0px 0px;\n}\n<\/style>\n<div  class='flex_column av-1hhei-6163943ae54d330c8fc560a48102ed91 av_one_half  avia-builder-el-2  el_after_av_one_full  el_before_av_one_half  first flex_column_div av-zero-column-padding  column-top-margin'     ><section  class='av_textblock_section av-jmhszkn3-3b6d0b5f03b37bf42ca2037fa36e0e3e '   itemscope=\"itemscope\" itemtype=\"https:\/\/schema.org\/CreativeWork\" ><div class='avia_textblock dark our-coffees-text-holder'  itemprop=\"text\" ><h3>COMO COMPRAMOS<\/h3>\n<\/div><\/section><br \/>\n<section  class='av_textblock_section av-jmhszkn3-3b6d0b5f03b37bf42ca2037fa36e0e3e '   itemscope=\"itemscope\" itemtype=\"https:\/\/schema.org\/CreativeWork\" ><div class='avia_textblock dark our-coffees-text-holder'  itemprop=\"text\" ><p>Compramos caf\u00e9s procedentes solamente de fuentes responsables y sostenibles, que operan de forma totalmente transparente. 80plus compra solo caf\u00e9s de grado specialty, lo que significa, un precio claramente superior para el productor, si lo comparamos con el precio medio del mercado.<\/p>\n<p>Es muy importante que el productor reciba la suma adecuada para la calidad de caf\u00e9. Queremos que los productores puedan:<\/p>\n<h5>CRECER<\/h5>\n<h5>MEJORAR LA CALIDAD DE SU CAF\u00c9 A\u00d1O TRAS A\u00d1O<\/h5>\n<h5>INVERTIR EN MEJORES INFRASTRUCTURAS<\/h5>\n<h5>Y TENER M\u00c1S OPORTUNIDAD PARA SUS FAMILIAS, PARA UNA BUENA VIVIENDA Y PARA UNA MEJOR EDUCACI\u00d3N<\/h5>\n<\/div><\/section><\/p><\/div>\n\n<style type=\"text\/css\" data-created_by=\"avia_inline_auto\" id=\"style-css-av-11dru-4d5d59aceccc7464f21ccf80e7ea6ce4\">\n.flex_column.av-11dru-4d5d59aceccc7464f21ccf80e7ea6ce4{\n-webkit-border-radius:0px 0px 0px 0px;\n-moz-border-radius:0px 0px 0px 0px;\nborder-radius:0px 0px 0px 0px;\npadding:0px 0px 0px 0px;\n}\n<\/style>\n<div  class='flex_column av-11dru-4d5d59aceccc7464f21ccf80e7ea6ce4 av_one_half  avia-builder-el-5  el_after_av_one_half  el_before_av_layout_row  avia-builder-el-last  flex_column_div av-zero-column-padding  column-top-margin'     ><section  class='av_textblock_section av-jmhszkn3-3b6d0b5f03b37bf42ca2037fa36e0e3e '   itemscope=\"itemscope\" itemtype=\"https:\/\/schema.org\/CreativeWork\" ><div class='avia_textblock dark our-coffees-text-holder'  itemprop=\"text\" ><h3>TUESTE<\/h3>\n<\/div><\/section><br \/>\n<section  class='av_textblock_section av-jmhszkn3-ba7c8ec4ff1835acf334cf3167ba09d0 '   itemscope=\"itemscope\" itemtype=\"https:\/\/schema.org\/CreativeWork\" ><div class='avia_textblock dark'  itemprop=\"text\" ><p>Nosotros creemos que tostar el caf\u00e9 es un proceso extremamente delicado y trabajamos para obtener el balance perfecto y el buen desarrollo de los sabores. Intentamos que el caf\u00e9 no quede, tras el tueste demasiado crudo, con sabores a verde y a legumbres, pero tampoco queremos tostarlos demasiado, perdiendo los aromas intr\u00ednsecos del caf\u00e9.<\/p>\n<p>\u00a1Nos gustar\u00eda tambi\u00e9n poder ayudaros, indicando que caf\u00e9s son los m\u00e1s adecuados y para qu\u00e9 tipo de extracci\u00f3n!<\/p>\n<\/div><\/section><\/p><\/div>\n<\/div><\/div><\/div><!-- close content main div --><\/div><\/div><div id='header-image-holder'  class='av-layout-grid-container av-1nj5e-2756eb4803e3776557666a1d21e9af36 entry-content-wrapper main_color av-flex-cells  avia-builder-el-8  el_after_av_one_half  el_before_av_section  our-coffees-image-holder av-cell-min-height av-cell-min-height-25 grid-row-not-first  container_wrap fullsize'   data-av_minimum_height_pc='25'>\n\n<style type=\"text\/css\" data-created_by=\"avia_inline_auto\" id=\"style-css-av-jmht7pwl-fc038bdd4580901925cd552a9ea20cbd\">\n.flex_cell.av-jmht7pwl-fc038bdd4580901925cd552a9ea20cbd{\nvertical-align:top;\nbackground:url(https:\/\/80plus.es\/wp-content\/uploads\/2020\/03\/Nazareth-our.jpg) 50% 50% no-repeat scroll ;\n}\n.responsive #top #wrap_all .flex_cell.av-jmht7pwl-fc038bdd4580901925cd552a9ea20cbd{\npadding:0px 0px 0px 0px !important;\n}\n<\/style>\n<div class='flex_cell av-jmht7pwl-fc038bdd4580901925cd552a9ea20cbd av-gridrow-cell av_one_full no_margin  avia-builder-el-9  avia-builder-el-no-sibling  av-zero-padding avia-full-stretch'  ><div class='flex_cell_inner'><\/div><\/div>\n<\/div>\n\n<style type=\"text\/css\" data-created_by=\"avia_inline_auto\" id=\"style-css-av-jmht1hqe-8b034a686766ee6f4f439541cd5c9e07\">\n#top .avia-section.av-jmht1hqe-8b034a686766ee6f4f439541cd5c9e07 .scroll-down-link{\ncolor:#000000;\n}\n<\/style>\n<div id='av_section_1'  class='avia-section av-jmht1hqe-8b034a686766ee6f4f439541cd5c9e07 main_color avia-section-large avia-no-border-styling  avia-builder-el-10  el_after_av_layout_row  el_before_av_layout_row  our-coffees-text-holder avia-bg-style-scroll container_wrap fullsize'  ><div class=\"av-section-color-overlay-wrap\"><a href='#next-section' title='' class='scroll-down-link av-custom-scroll-down-color' aria-hidden='true' data-av_icon='\ue877' data-av_iconfont='entypo-fontello'><\/a><div class='container av-section-cont-open' ><div class='template-page content  av-content-full alpha units'><div class='post-entry post-entry-type-page post-entry-958'><div class='entry-content-wrapper clearfix'>\n<div class='flex_column_table av-1qd8e-8944d09fcc77cd063a47d03395132143 sc-av_one_half av-equal-height-column-flextable'>\n<style type=\"text\/css\" data-created_by=\"avia_inline_auto\" id=\"style-css-av-1qd8e-8944d09fcc77cd063a47d03395132143\">\n.flex_column.av-1qd8e-8944d09fcc77cd063a47d03395132143{\n-webkit-border-radius:0px 0px 0px 0px;\n-moz-border-radius:0px 0px 0px 0px;\nborder-radius:0px 0px 0px 0px;\npadding:0 0 0 0;\n}\n<\/style>\n<div  class='flex_column av-1qd8e-8944d09fcc77cd063a47d03395132143 av_one_half  avia-builder-el-11  el_before_av_one_half  avia-builder-el-first  first flex_column_table_cell av-equal-height-column av-align-top av-zero-column-padding  '     ><section  class='av_textblock_section av-jmhszkn3-ba7c8ec4ff1835acf334cf3167ba09d0 '   itemscope=\"itemscope\" itemtype=\"https:\/\/schema.org\/CreativeWork\" ><div class='avia_textblock dark'  itemprop=\"text\" ><h3>NAZARETH&#8217;S FORMULA II (espresso)<\/h3>\n<\/div><\/section><br \/>\n<section  class='av_textblock_section av-jmhszkn3-986e95b9a4b4c0b39e5b2adfa9436d33 '   itemscope=\"itemscope\" itemtype=\"https:\/\/schema.org\/CreativeWork\" ><div class='avia_textblock dark our-coffees-specs'  itemprop=\"text\" ><ul class=\"our-coffees-specs-list\">\n<li><span class=\"our-coffees-specs-label\">Origen<\/span><span class=\"our-coffees-specs-desc\">Brasil<\/span><\/li>\n<li><span class=\"our-coffees-specs-label\">Terroir<\/span><span class=\"our-coffees-specs-desc\">Carmo de Minas, 1100-1450 masl<\/span><\/li>\n<li><span class=\"our-coffees-specs-label\">Finca<\/span><span class=\"our-coffees-specs-desc\">Fazenda Sertao<\/span><\/li>\n<li><span class=\"our-coffees-specs-label\">Productor<\/span><span class=\"our-coffees-specs-desc\">Nazareth Pereira y familia<\/span><\/li>\n<li><span class=\"our-coffees-specs-label\">Variedad<\/span><span class=\"our-coffees-specs-desc\">Yellow Bourbon<\/span><\/li>\n<li><span class=\"our-coffees-specs-label\">Proceso<\/span><span class=\"our-coffees-specs-desc\">Natural<\/span><\/li>\n<\/ul>\n<ul class=\"our-coffees-specs\">\n<li><span class=\"our-coffees-specs-label\">Aroma<\/span><span class=\"our-coffees-specs-desc\">Nuez Miel y cereales<\/span><\/li>\n<li><span class=\"our-coffees-specs-label\">Sabor<\/span><span class=\"our-coffees-specs-desc\">Chocolate con leche y almendras<\/span><\/li>\n<\/ul>\n<\/div><\/section><br \/>\n<section  class='av_textblock_section av-jmhszkn3-ba7c8ec4ff1835acf334cf3167ba09d0 '   itemscope=\"itemscope\" itemtype=\"https:\/\/schema.org\/CreativeWork\" ><div class='avia_textblock dark'  itemprop=\"text\" ><p class=\"p1\">Volvemos a tener este caf\u00e9 espectacular de Brasil de Carmo de Minas. Este Bourbon Amarillo es de Nazareth Pereira, la productora de la Fazenda Sert\u00e3o. Una muy buena muestra de los caf\u00e9s que aportan los productores de caf\u00e9 de Brasil al mundo de los caf\u00e9s de especialidad. El caf\u00e9 de proceso natural sorprende por su extrema dulzura y una acidez limpia, que crea un espresso muy sedoso y elegante.<\/p>\n<\/div><\/section><\/p><\/div><div class='av-flex-placeholder'><\/div>\n<style type=\"text\/css\" data-created_by=\"avia_inline_auto\" id=\"style-css-av-3d8i-00100a0e046af634e60ef211de400bd8\">\n.flex_column.av-3d8i-00100a0e046af634e60ef211de400bd8{\n-webkit-border-radius:0px 0px 0px 0px;\n-moz-border-radius:0px 0px 0px 0px;\nborder-radius:0px 0px 0px 0px;\npadding:0px 0px 0px 0px;\n}\n<\/style>\n<div  class='flex_column av-3d8i-00100a0e046af634e60ef211de400bd8 av_one_half  avia-builder-el-15  el_after_av_one_half  avia-builder-el-last  flex_column_table_cell av-equal-height-column av-align-top av-zero-column-padding  '     ><section  class='av_textblock_section av-jmhszkn3-ba7c8ec4ff1835acf334cf3167ba09d0 '   itemscope=\"itemscope\" itemtype=\"https:\/\/schema.org\/CreativeWork\" ><div class='avia_textblock dark'  itemprop=\"text\" ><h4>Notas sobre el Terroir<\/h4>\n<p class=\"p1\">Carmo de Minas es parte de la regi\u00f3n de Sul de Minas que hist\u00f3ricamente ha sido dominada por caficultores peque\u00f1os. El pueblo de Carmo tiene un numero muy alto de productores de caf\u00e9s de especialidad. El periodo de cosecha es desde finales de mayo hasta septiembre.<\/p>\n<\/div><\/section><\/div><\/div><!--close column table wrapper. Autoclose: 1 -->\n\n<\/div><\/div><\/div><!-- close content main div --><\/div><\/div><\/div><div id='header-image-holder'  class='av-layout-grid-container av-1nj5e-2756eb4803e3776557666a1d21e9af36 entry-content-wrapper main_color av-flex-cells  avia-builder-el-17  el_after_av_section  el_before_av_section  our-coffees-image-holder av-cell-min-height av-cell-min-height-25 grid-row-not-first  container_wrap fullsize'   data-av_minimum_height_pc='25'>\n\n<style type=\"text\/css\" data-created_by=\"avia_inline_auto\" id=\"style-css-av-jmht7pwl-58fcbe589eb4da24e97defdfa2abee60\">\n.flex_cell.av-jmht7pwl-58fcbe589eb4da24e97defdfa2abee60{\nvertical-align:top;\nbackground:url(https:\/\/80plus.es\/wp-content\/uploads\/2019\/11\/BossaNova-our.jpg) 50% 50% no-repeat scroll ;\n}\n.responsive #top #wrap_all .flex_cell.av-jmht7pwl-58fcbe589eb4da24e97defdfa2abee60{\npadding:0px 0px 0px 0px !important;\n}\n<\/style>\n<div class='flex_cell av-jmht7pwl-58fcbe589eb4da24e97defdfa2abee60 av-gridrow-cell av_one_full no_margin  avia-builder-el-18  avia-builder-el-no-sibling  av-zero-padding avia-full-stretch'  ><div class='flex_cell_inner'><\/div><\/div>\n<\/div>\n\n<style type=\"text\/css\" data-created_by=\"avia_inline_auto\" id=\"style-css-av-jmht1hqe-8b034a686766ee6f4f439541cd5c9e07\">\n#top .avia-section.av-jmht1hqe-8b034a686766ee6f4f439541cd5c9e07 .scroll-down-link{\ncolor:#000000;\n}\n<\/style>\n<div id='av_section_2'  class='avia-section av-jmht1hqe-8b034a686766ee6f4f439541cd5c9e07 main_color avia-section-large avia-no-border-styling  avia-builder-el-19  el_after_av_layout_row  el_before_av_layout_row  our-coffees-text-holder avia-bg-style-scroll container_wrap fullsize'  ><div class=\"av-section-color-overlay-wrap\"><a href='#next-section' title='' class='scroll-down-link av-custom-scroll-down-color' aria-hidden='true' data-av_icon='\ue877' data-av_iconfont='entypo-fontello'><\/a><div class='container av-section-cont-open' ><div class='template-page content  av-content-full alpha units'><div class='post-entry post-entry-type-page post-entry-958'><div class='entry-content-wrapper clearfix'>\n<div class='flex_column_table av-1qd8e-8944d09fcc77cd063a47d03395132143 sc-av_one_half av-equal-height-column-flextable'>\n<style type=\"text\/css\" data-created_by=\"avia_inline_auto\" id=\"style-css-av-1qd8e-8944d09fcc77cd063a47d03395132143\">\n.flex_column.av-1qd8e-8944d09fcc77cd063a47d03395132143{\n-webkit-border-radius:0px 0px 0px 0px;\n-moz-border-radius:0px 0px 0px 0px;\nborder-radius:0px 0px 0px 0px;\npadding:0 0 0 0;\n}\n<\/style>\n<div  class='flex_column av-1qd8e-8944d09fcc77cd063a47d03395132143 av_one_half  avia-builder-el-20  el_before_av_one_half  avia-builder-el-first  first flex_column_table_cell av-equal-height-column av-align-top av-zero-column-padding  '     ><section  class='av_textblock_section av-jmhszkn3-b34269c20572bd365fe0a467dc8ddd3f '   itemscope=\"itemscope\" itemtype=\"https:\/\/schema.org\/CreativeWork\" ><div class='avia_textblock dark'  itemprop=\"text\" ><h3>SANTA ROSA (espresso)<\/h3>\n<\/div><\/section><br \/>\n<section  class='av_textblock_section av-jmhszkn3-de6f6a0a659dde3029ee6dd18ddb41a3 '   itemscope=\"itemscope\" itemtype=\"https:\/\/schema.org\/CreativeWork\" ><div class='avia_textblock dark our-coffees-specs'  itemprop=\"text\" ><ul class=\"our-coffees-specs-list\">\n<li><span class=\"our-coffees-specs-label\">Origen<\/span><span class=\"our-coffees-specs-desc\">El Salvador<\/span><\/li>\n<li><span class=\"our-coffees-specs-label\">Terroir<\/span><span class=\"our-coffees-specs-desc\">Santa Rosa, Ahuachapan<\/span><\/li>\n<li><span class=\"our-coffees-specs-label\">Finca<\/span><span class=\"our-coffees-specs-desc\">El Carmen<\/span><\/li>\n<li><span class=\"our-coffees-specs-label\">Productor<\/span><span class=\"our-coffees-specs-desc\">Mauricio Escalon<\/span><\/li>\n<li><span class=\"our-coffees-specs-label\">Variedad<\/span><span class=\"our-coffees-specs-desc\">Bourbon, Pacas<\/span><\/li>\n<li><span class=\"our-coffees-specs-label\">Proceso<\/span><span class=\"our-coffees-specs-desc\">Natural<\/span><\/li>\n<li><span class=\"our-coffees-specs-label\">Secado<\/span><span class=\"our-coffees-specs-desc\">Secado al sol en camas africanas<\/span><\/li>\n<\/ul>\n<ul class=\"our-coffees-specs\">\n<li><span class=\"our-coffees-specs-label\">Aroma<\/span><span class=\"our-coffees-specs-desc\">Fresa, manzana roja, canela<\/span><\/li>\n<li><span class=\"our-coffees-specs-label\">Sabor<\/span><span class=\"our-coffees-specs-desc\">Cacao<\/span><\/li>\n<\/ul>\n<\/div><\/section><br \/>\n<section  class='av_textblock_section av-jmhszkn3-b34269c20572bd365fe0a467dc8ddd3f '   itemscope=\"itemscope\" itemtype=\"https:\/\/schema.org\/CreativeWork\" ><div class='avia_textblock dark'  itemprop=\"text\" ><p class=\"p1\">Mauricio Escalon naci\u00f3 en una familia productora de caf\u00e9 que comenz\u00f3 su historia cafetera en el tercer trimestre de 1800. La empresa familiar cuenta con 10 fincas y 2 Molinos. Mauricio es Director Gerente de la empresa exportadora de caf\u00e9s especiales Cafescal. Es el responsable de la administraci\u00f3n y gesti\u00f3n de los procesos agr\u00edcolas. Tiene un t\u00edtulo en Arquitectura y experiencia laboral en la construcci\u00f3n de sociedades, pero su pasi\u00f3n por el caf\u00e9 lo llev\u00f3 de regreso a la empresa familiar.<\/p>\n<\/div><\/section><\/p><\/div><div class='av-flex-placeholder'><\/div>\n<style type=\"text\/css\" data-created_by=\"avia_inline_auto\" id=\"style-css-av-3d8i-00100a0e046af634e60ef211de400bd8\">\n.flex_column.av-3d8i-00100a0e046af634e60ef211de400bd8{\n-webkit-border-radius:0px 0px 0px 0px;\n-moz-border-radius:0px 0px 0px 0px;\nborder-radius:0px 0px 0px 0px;\npadding:0px 0px 0px 0px;\n}\n<\/style>\n<div  class='flex_column av-3d8i-00100a0e046af634e60ef211de400bd8 av_one_half  avia-builder-el-24  el_after_av_one_half  avia-builder-el-last  flex_column_table_cell av-equal-height-column av-align-top av-zero-column-padding  '     ><section  class='av_textblock_section av-jmhszkn3-b34269c20572bd365fe0a467dc8ddd3f '   itemscope=\"itemscope\" itemtype=\"https:\/\/schema.org\/CreativeWork\" ><div class='avia_textblock dark'  itemprop=\"text\" ><h4>Notas sobre el Terroir<\/h4>\n<p class=\"p1\">La finca se cultiva con caf\u00e9 desde la d\u00e9cada de 1930. En esta finca el propietario tambi\u00e9n tiene un Molino que generalmente se usa para el proceso de secado natural debido a las condiciones clim\u00e1ticas. Uno de los hechos m\u00e1s importantes de esta finca es que se encuentra en medio del Parque Geotermal. La finca El Carmen est\u00e1 ubicada en la Cordillera de Ilamatepec, en el Cant\u00f3n Santa Rosa de Acacalco, cerca de la ciudad de Ahuachap\u00e1n. Sus suelos arcillosos le dan una peculiar calidad al Caf\u00e9.<\/p>\n<\/div><\/section><\/div><\/div><!--close column table wrapper. Autoclose: 1 -->\n\n<\/div><\/div><\/div><!-- close content main div --><\/div><\/div><\/div><div id='header-image-holder'  class='av-layout-grid-container av-1nj5e-2756eb4803e3776557666a1d21e9af36 entry-content-wrapper main_color av-flex-cells  avia-builder-el-26  el_after_av_section  el_before_av_section  our-coffees-image-holder av-cell-min-height av-cell-min-height-25 grid-row-not-first  container_wrap fullsize'   data-av_minimum_height_pc='25'>\n\n<style type=\"text\/css\" data-created_by=\"avia_inline_auto\" id=\"style-css-av-jmht7pwl-cfd547c93b5a76b97867156513d054cd\">\n.flex_cell.av-jmht7pwl-cfd547c93b5a76b97867156513d054cd{\nvertical-align:top;\nbackground:url(https:\/\/80plus.es\/wp-content\/uploads\/2018\/10\/headercoffee3.jpg) 50% 50% no-repeat scroll ;\n}\n.responsive #top #wrap_all .flex_cell.av-jmht7pwl-cfd547c93b5a76b97867156513d054cd{\npadding:0px 0px 0px 0px !important;\n}\n<\/style>\n<div class='flex_cell av-jmht7pwl-cfd547c93b5a76b97867156513d054cd av-gridrow-cell av_one_full no_margin  avia-builder-el-27  avia-builder-el-no-sibling  av-zero-padding avia-full-stretch'  ><div class='flex_cell_inner'><\/div><\/div>\n<\/div>\n\n<style type=\"text\/css\" data-created_by=\"avia_inline_auto\" id=\"style-css-av-jmht1hqe-8b034a686766ee6f4f439541cd5c9e07\">\n#top .avia-section.av-jmht1hqe-8b034a686766ee6f4f439541cd5c9e07 .scroll-down-link{\ncolor:#000000;\n}\n<\/style>\n<div id='av_section_3'  class='avia-section av-jmht1hqe-8b034a686766ee6f4f439541cd5c9e07 main_color avia-section-large avia-no-border-styling  avia-builder-el-28  el_after_av_layout_row  el_before_av_layout_row  our-coffees-text-holder avia-bg-style-scroll container_wrap fullsize'  ><div class=\"av-section-color-overlay-wrap\"><a href='#next-section' title='' class='scroll-down-link av-custom-scroll-down-color' aria-hidden='true' data-av_icon='\ue877' data-av_iconfont='entypo-fontello'><\/a><div class='container av-section-cont-open' ><div class='template-page content  av-content-full alpha units'><div class='post-entry post-entry-type-page post-entry-958'><div class='entry-content-wrapper clearfix'>\n<div class='flex_column_table av-1qd8e-8944d09fcc77cd063a47d03395132143 sc-av_one_half av-equal-height-column-flextable'>\n<style type=\"text\/css\" data-created_by=\"avia_inline_auto\" id=\"style-css-av-1qd8e-8944d09fcc77cd063a47d03395132143\">\n.flex_column.av-1qd8e-8944d09fcc77cd063a47d03395132143{\n-webkit-border-radius:0px 0px 0px 0px;\n-moz-border-radius:0px 0px 0px 0px;\nborder-radius:0px 0px 0px 0px;\npadding:0 0 0 0;\n}\n<\/style>\n<div  class='flex_column av-1qd8e-8944d09fcc77cd063a47d03395132143 av_one_half  avia-builder-el-29  el_before_av_one_half  avia-builder-el-first  first flex_column_table_cell av-equal-height-column av-align-top av-zero-column-padding  '     ><section  class='av_textblock_section av-jmhszkn3-b34269c20572bd365fe0a467dc8ddd3f '   itemscope=\"itemscope\" itemtype=\"https:\/\/schema.org\/CreativeWork\" ><div class='avia_textblock dark'  itemprop=\"text\" ><h3>LA PLATA (espresso y filtro)<\/h3>\n<\/div><\/section><br \/>\n<section  class='av_textblock_section av-jmhszkn3-de6f6a0a659dde3029ee6dd18ddb41a3 '   itemscope=\"itemscope\" itemtype=\"https:\/\/schema.org\/CreativeWork\" ><div class='avia_textblock dark our-coffees-specs'  itemprop=\"text\" ><ul class=\"our-coffees-specs-list\">\n<li><span class=\"our-coffees-specs-label\">Origen<\/span><span class=\"our-coffees-specs-desc\">Colombia<\/span><\/li>\n<li><span class=\"our-coffees-specs-label\">Terroir<\/span><span class=\"our-coffees-specs-desc\">La Plata, Huila 1500 \u2013 1800 m<\/span><\/li>\n<li><span class=\"our-coffees-specs-label\">Productor<\/span><span class=\"our-coffees-specs-desc\">Varios peque\u00f1os productores de la zona<\/span><\/li>\n<li><span class=\"our-coffees-specs-label\">Variedad<\/span><span class=\"our-coffees-specs-desc\">Caturra, Castillo, Colombia<\/span><\/li>\n<li><span class=\"our-coffees-specs-label\">Proceso<\/span><span class=\"our-coffees-specs-desc\">Lavado<\/span><\/li>\n<\/ul>\n<ul class=\"our-coffees-specs\">\n<li><span class=\"our-coffees-specs-label\">Aroma<\/span><span class=\"our-coffees-specs-desc\">Mandarina, melocot\u00f3n, chocolate negro<\/span><\/li>\n<li><span class=\"our-coffees-specs-label\">Sabor<\/span><span class=\"our-coffees-specs-desc\">C\u00edtrico, hibiscus, cacao<\/span><\/li>\n<\/ul>\n<\/div><\/section><br \/>\n<section  class='av_textblock_section av-jmhszkn3-b34269c20572bd365fe0a467dc8ddd3f '   itemscope=\"itemscope\" itemtype=\"https:\/\/schema.org\/CreativeWork\" ><div class='avia_textblock dark'  itemprop=\"text\" ><p>Este es el segundo a\u00f1o que compramos el caf\u00e9 de trato directo con caf\u00e9 Osito quien trabaja con un grupo de j\u00f3venes agricultores ubicados en La Plata (centro\/oeste de Huila).<\/p>\n<p>Los productores est\u00e1n produciendo caf\u00e9 cultivado \u201cbiol\u00f3gicamente\u201d, lo que significa que todos los productores son completamente org\u00e1nicos o se encuentran en un proceso de transici\u00f3n para ser org\u00e1nicos.\u00a0Nos encanta este caf\u00e9 por su aroma y su versatilidad, porque queda espectacular en espresso y en preparaciones de filtro.<\/p>\n<\/div><\/section><\/p><\/div><div class='av-flex-placeholder'><\/div>\n<style type=\"text\/css\" data-created_by=\"avia_inline_auto\" id=\"style-css-av-3d8i-00100a0e046af634e60ef211de400bd8\">\n.flex_column.av-3d8i-00100a0e046af634e60ef211de400bd8{\n-webkit-border-radius:0px 0px 0px 0px;\n-moz-border-radius:0px 0px 0px 0px;\nborder-radius:0px 0px 0px 0px;\npadding:0px 0px 0px 0px;\n}\n<\/style>\n<div  class='flex_column av-3d8i-00100a0e046af634e60ef211de400bd8 av_one_half  avia-builder-el-33  el_after_av_one_half  avia-builder-el-last  flex_column_table_cell av-equal-height-column av-align-top av-zero-column-padding  '     ><section  class='av_textblock_section av-jmhszkn3-b34269c20572bd365fe0a467dc8ddd3f '   itemscope=\"itemscope\" itemtype=\"https:\/\/schema.org\/CreativeWork\" ><div class='avia_textblock dark'  itemprop=\"text\" ><h4>Notas sobre el Terroir<\/h4>\n<p>El Huila es conocido por su clima templado, con buena cobertura de nubes durante el d\u00eda, que ayuda a que las cerezas de caf\u00e9 maduren de manera m\u00e1s uniforme. Esto le da una agradable y suave acidez a los caf\u00e9s y mucha dulzura.<\/p>\n<p>Colombia tiene dos cosechas normalmente durante el a\u00f1o, por lo que se puede encontrar caf\u00e9 fresco durante todo el a\u00f1o.<\/p>\n<\/div><\/section><\/div><\/div><!--close column table wrapper. Autoclose: 1 -->\n\n<\/div><\/div><\/div><!-- close content main div --><\/div><\/div><\/div><div id='header-image-holder'  class='av-layout-grid-container av-1nj5e-2756eb4803e3776557666a1d21e9af36 entry-content-wrapper main_color av-flex-cells  avia-builder-el-35  el_after_av_section  el_before_av_section  our-coffees-image-holder av-cell-min-height av-cell-min-height-25 grid-row-not-first  container_wrap fullsize'   data-av_minimum_height_pc='25'>\n\n<style type=\"text\/css\" data-created_by=\"avia_inline_auto\" id=\"style-css-av-jmht7pwl-d9d2b0d443681e5e5dd22fa71091bfb9\">\n.flex_cell.av-jmht7pwl-d9d2b0d443681e5e5dd22fa71091bfb9{\nvertical-align:top;\nbackground:url(https:\/\/80plus.es\/wp-content\/uploads\/2019\/01\/sunrise-our.jpg) 50% 50% no-repeat scroll ;\n}\n.responsive #top #wrap_all .flex_cell.av-jmht7pwl-d9d2b0d443681e5e5dd22fa71091bfb9{\npadding:0px 0px 0px 0px !important;\n}\n<\/style>\n<div class='flex_cell av-jmht7pwl-d9d2b0d443681e5e5dd22fa71091bfb9 av-gridrow-cell av_one_full no_margin  avia-builder-el-36  avia-builder-el-no-sibling  av-zero-padding avia-full-stretch'  ><div class='flex_cell_inner'><\/div><\/div>\n<\/div>\n\n<style type=\"text\/css\" data-created_by=\"avia_inline_auto\" id=\"style-css-av-jmht1hqe-8b034a686766ee6f4f439541cd5c9e07\">\n#top .avia-section.av-jmht1hqe-8b034a686766ee6f4f439541cd5c9e07 .scroll-down-link{\ncolor:#000000;\n}\n<\/style>\n<div id='av_section_4'  class='avia-section av-jmht1hqe-8b034a686766ee6f4f439541cd5c9e07 main_color avia-section-large avia-no-border-styling  avia-builder-el-37  el_after_av_layout_row  el_before_av_layout_row  our-coffees-text-holder avia-bg-style-scroll container_wrap fullsize'  ><div class=\"av-section-color-overlay-wrap\"><a href='#next-section' title='' class='scroll-down-link av-custom-scroll-down-color' aria-hidden='true' data-av_icon='\ue877' data-av_iconfont='entypo-fontello'><\/a><div class='container av-section-cont-open' ><div class='template-page content  av-content-full alpha units'><div class='post-entry post-entry-type-page post-entry-958'><div class='entry-content-wrapper clearfix'>\n<div class='flex_column_table av-1qd8e-8944d09fcc77cd063a47d03395132143 sc-av_one_half av-equal-height-column-flextable'>\n<style type=\"text\/css\" data-created_by=\"avia_inline_auto\" id=\"style-css-av-1qd8e-8944d09fcc77cd063a47d03395132143\">\n.flex_column.av-1qd8e-8944d09fcc77cd063a47d03395132143{\n-webkit-border-radius:0px 0px 0px 0px;\n-moz-border-radius:0px 0px 0px 0px;\nborder-radius:0px 0px 0px 0px;\npadding:0 0 0 0;\n}\n<\/style>\n<div  class='flex_column av-1qd8e-8944d09fcc77cd063a47d03395132143 av_one_half  avia-builder-el-38  el_before_av_one_half  avia-builder-el-first  first flex_column_table_cell av-equal-height-column av-align-top av-zero-column-padding  '     ><section  class='av_textblock_section av-jmhszkn3-b34269c20572bd365fe0a467dc8ddd3f '   itemscope=\"itemscope\" itemtype=\"https:\/\/schema.org\/CreativeWork\" ><div class='avia_textblock dark'  itemprop=\"text\" ><h3>CAF\u00c9 DES MAMAS (filtro y un espresso muy funky)<\/h3>\n<\/div><\/section><br \/>\n<section  class='av_textblock_section av-jmhszkn3-de6f6a0a659dde3029ee6dd18ddb41a3 '   itemscope=\"itemscope\" itemtype=\"https:\/\/schema.org\/CreativeWork\" ><div class='avia_textblock dark our-coffees-specs'  itemprop=\"text\" ><ul class=\"our-coffees-specs-list\">\n<li><span class=\"our-coffees-specs-label\">Origen<\/span><span class=\"our-coffees-specs-desc\">Rwanda<\/span><\/li>\n<li><span class=\"our-coffees-specs-label\">Terroir<\/span><span class=\"our-coffees-specs-desc\">Gicumbi District, 1500 &#8211; 1750 m<\/span><\/li>\n<li><span class=\"our-coffees-specs-label\">Finca<\/span><span class=\"our-coffees-specs-desc\">Nova Coffee Washing station<\/span><\/li>\n<li><span class=\"our-coffees-specs-label\">Variedad<\/span><span class=\"our-coffees-specs-desc\">Red Bourbon<\/span><\/li>\n<li><span class=\"our-coffees-specs-label\">Proceso<\/span><span class=\"our-coffees-specs-desc\">Natural<\/span><\/li>\n<li><span class=\"our-coffees-specs-label\">Secado<\/span><span class=\"our-coffees-specs-desc\">Secado al sol en camas africanas<\/span><\/li>\n<\/ul>\n<ul class=\"our-coffees-specs\">\n<li><span class=\"our-coffees-specs-label\">Aroma<\/span><span class=\"our-coffees-specs-desc\">Frutos tropicales, banana, mermelada de fresas<\/span><\/li>\n<li><span class=\"our-coffees-specs-label\">Sabor<\/span><span class=\"our-coffees-specs-desc\">Jugoso, papaya, pi\u00f1a, chocolate<\/span><\/li>\n<\/ul>\n<\/div><\/section><br \/>\n<section  class='av_textblock_section av-jmhszkn3-b34269c20572bd365fe0a467dc8ddd3f '   itemscope=\"itemscope\" itemtype=\"https:\/\/schema.org\/CreativeWork\" ><div class='avia_textblock dark'  itemprop=\"text\" ><p class=\"p1\">Este es el segundo a\u00f1o que temeos este caf\u00e9 maravilloso, estamos enamorados! Desde 2013, la estaci\u00f3n de lavado Nova est\u00e1 dirigida por Agnes junto con su esposo, ella se dedica a producir el mejor caf\u00e9 posible y a usarlo para transformar su comunidad. Con Agnes como l\u00edder, Nova Coffee tom\u00f3 todos los pasos correctos para aumentar la calidad primero y luego el volumen. Han invertido en las operaciones del beneficio h\u00famedo y las fincas de la comunidad. Despu\u00e9s de la temporada 2015, pudieron instalar una nueva m\u00e1quina despulpadora, nuevos tanques de fermentaci\u00f3n con \u00e1reas de clasificaci\u00f3n, nuevas camas de secado y un almac\u00e9n. La estaci\u00f3n se encuentra a unos 1450 m de altura, sin embargo, las fincas alcanzan los 1750 m.<\/p>\n<\/div><\/section><\/p><\/div><div class='av-flex-placeholder'><\/div>\n<style type=\"text\/css\" data-created_by=\"avia_inline_auto\" id=\"style-css-av-3d8i-00100a0e046af634e60ef211de400bd8\">\n.flex_column.av-3d8i-00100a0e046af634e60ef211de400bd8{\n-webkit-border-radius:0px 0px 0px 0px;\n-moz-border-radius:0px 0px 0px 0px;\nborder-radius:0px 0px 0px 0px;\npadding:0px 0px 0px 0px;\n}\n<\/style>\n<div  class='flex_column av-3d8i-00100a0e046af634e60ef211de400bd8 av_one_half  avia-builder-el-42  el_after_av_one_half  avia-builder-el-last  flex_column_table_cell av-equal-height-column av-align-top av-zero-column-padding  '     ><section  class='av_textblock_section av-jmhszkn3-b34269c20572bd365fe0a467dc8ddd3f '   itemscope=\"itemscope\" itemtype=\"https:\/\/schema.org\/CreativeWork\" ><div class='avia_textblock dark'  itemprop=\"text\" ><h4>Notas sobre el Terroir<\/h4>\n<p class=\"p1\">Las altas altitudes y el rico suelo volc\u00e1nico son condiciones ideales para el cultivo, y producen principalmente calidad suprema en los caf\u00e9s de Ruanda. Normalmente, los caf\u00e9s aqu\u00ed se producen como lavados con acidez brillante y sabores distintivos de frutas rojas. En los \u00faltimos a\u00f1os, el n\u00famero de estaciones de lavado en Ruanda ha aumentado dram\u00e1ticamente. El caf\u00e9 de especialidad ahora comprende casi una cuarta parte de la producci\u00f3n. El per\u00edodo de cosecha es de abril a septiembre.<\/p>\n<\/div><\/section><\/div><\/div><!--close column table wrapper. Autoclose: 1 -->\n\n<\/div><\/div><\/div><!-- close content main div --><\/div><\/div><\/div><div id='header-image-holder'  class='av-layout-grid-container av-1nj5e-2756eb4803e3776557666a1d21e9af36 entry-content-wrapper main_color av-flex-cells  avia-builder-el-44  el_after_av_section  el_before_av_section  our-coffees-image-holder av-cell-min-height av-cell-min-height-25 grid-row-not-first  container_wrap fullsize'   data-av_minimum_height_pc='25'>\n\n<style type=\"text\/css\" data-created_by=\"avia_inline_auto\" id=\"style-css-av-jmht7pwl-cdbba235d33ef3a16eab5770df06f5c5\">\n.flex_cell.av-jmht7pwl-cdbba235d33ef3a16eab5770df06f5c5{\nvertical-align:top;\nbackground:url(https:\/\/80plus.es\/wp-content\/uploads\/2019\/11\/ITC-our.jpg) 50% 50% no-repeat scroll ;\n}\n.responsive #top #wrap_all .flex_cell.av-jmht7pwl-cdbba235d33ef3a16eab5770df06f5c5{\npadding:0px 0px 0px 0px !important;\n}\n<\/style>\n<div class='flex_cell av-jmht7pwl-cdbba235d33ef3a16eab5770df06f5c5 av-gridrow-cell av_one_full no_margin  avia-builder-el-45  avia-builder-el-no-sibling  av-zero-padding avia-full-stretch'  ><div class='flex_cell_inner'><\/div><\/div>\n<\/div>\n\n<style type=\"text\/css\" data-created_by=\"avia_inline_auto\" id=\"style-css-av-jmht1hqe-8b034a686766ee6f4f439541cd5c9e07\">\n#top .avia-section.av-jmht1hqe-8b034a686766ee6f4f439541cd5c9e07 .scroll-down-link{\ncolor:#000000;\n}\n<\/style>\n<div id='av_section_5'  class='avia-section av-jmht1hqe-8b034a686766ee6f4f439541cd5c9e07 main_color avia-section-large avia-no-border-styling  avia-builder-el-46  el_after_av_layout_row  el_before_av_layout_row  our-coffees-text-holder avia-bg-style-scroll container_wrap fullsize'  ><div class=\"av-section-color-overlay-wrap\"><a href='#next-section' title='' class='scroll-down-link av-custom-scroll-down-color' aria-hidden='true' data-av_icon='\ue877' data-av_iconfont='entypo-fontello'><\/a><div class='container av-section-cont-open' ><div class='template-page content  av-content-full alpha units'><div class='post-entry post-entry-type-page post-entry-958'><div class='entry-content-wrapper clearfix'>\n<div class='flex_column_table av-1qd8e-8944d09fcc77cd063a47d03395132143 sc-av_one_half av-equal-height-column-flextable'>\n<style type=\"text\/css\" data-created_by=\"avia_inline_auto\" id=\"style-css-av-1qd8e-8944d09fcc77cd063a47d03395132143\">\n.flex_column.av-1qd8e-8944d09fcc77cd063a47d03395132143{\n-webkit-border-radius:0px 0px 0px 0px;\n-moz-border-radius:0px 0px 0px 0px;\nborder-radius:0px 0px 0px 0px;\npadding:0 0 0 0;\n}\n<\/style>\n<div  class='flex_column av-1qd8e-8944d09fcc77cd063a47d03395132143 av_one_half  avia-builder-el-47  el_before_av_one_half  avia-builder-el-first  first flex_column_table_cell av-equal-height-column av-align-top av-zero-column-padding  '     ><section  class='av_textblock_section av-jmhszkn3-b34269c20572bd365fe0a467dc8ddd3f '   itemscope=\"itemscope\" itemtype=\"https:\/\/schema.org\/CreativeWork\" ><div class='avia_textblock dark'  itemprop=\"text\" ><h3>LA BENDICI\u00d3N (filtro y espresso)<\/h3>\n<\/div><\/section><br \/>\n<section  class='av_textblock_section av-jmhszkn3-de6f6a0a659dde3029ee6dd18ddb41a3 '   itemscope=\"itemscope\" itemtype=\"https:\/\/schema.org\/CreativeWork\" ><div class='avia_textblock dark our-coffees-specs'  itemprop=\"text\" ><ul class=\"our-coffees-specs-list\">\n<li><span class=\"our-coffees-specs-label\">Origen<\/span><span class=\"our-coffees-specs-desc\">Guatemala<\/span><\/li>\n<li><span class=\"our-coffees-specs-label\">Terroir<\/span><span class=\"our-coffees-specs-desc\">Palencia, 1800-2000 masl<\/span><\/li>\n<li><span class=\"our-coffees-specs-label\">Finca<\/span><span class=\"our-coffees-specs-desc\">La Bendici\u00f3n<\/span><\/li>\n<li><span class=\"our-coffees-specs-label\">Productor<\/span><span class=\"our-coffees-specs-desc\">Jos\u00e9 G\u00f3mez<\/span><\/li>\n<li><span class=\"our-coffees-specs-label\">Variedad<\/span><span class=\"our-coffees-specs-desc\">Bourbon, Typica, Caturra<\/span><\/li>\n<li><span class=\"our-coffees-specs-label\">Proceso<\/span><span class=\"our-coffees-specs-desc\">Lavado<\/span><\/li>\n<\/ul>\n<ul class=\"our-coffees-specs\">\n<li><span class=\"our-coffees-specs-label\">Aroma<\/span><span class=\"our-coffees-specs-desc\">Durazno y miel<\/span><\/li>\n<li><span class=\"our-coffees-specs-label\">Sabor<\/span><span class=\"our-coffees-specs-desc\">Citricos y chocolate con leche<\/span><\/li>\n<\/ul>\n<\/div><\/section><br \/>\n<section  class='av_textblock_section av-jmhszkn3-b34269c20572bd365fe0a467dc8ddd3f '   itemscope=\"itemscope\" itemtype=\"https:\/\/schema.org\/CreativeWork\" ><div class='avia_textblock dark'  itemprop=\"text\" ><p>Finca La Bendici\u00f3n se encuentra en las monta\u00f1as m\u00e1s altas de Palencia en un pueblo llamado Sanguayab\u00e1. La finca de Jos\u00e9 est\u00e1 situada a 1800 &#8211; 2000 m sobre el nivel del mar y la temperatura es bastante m\u00e1s fresca que en el resto de Palencia. Curiosamente, no hay muchas plantaciones de caf\u00e9 en Sanguayab\u00e1. Para llegar a La Bendici\u00f3n atravesar\u00e1s muchas fincas de aguacate y ma\u00edz. Los abuelos de Jos\u00e9 sol\u00edan tener vacas en la zona, pero se dieron por vencidas cuando muchas de ellas rodaban por las empinadas colinas para enfrentar su destino. Fue su padre quien primero crey\u00f3 en el potencial del caf\u00e9 y ahora Jos\u00e9 sigue sus pasos. Se podan las malas hierbas que crecen alrededor del cafeto. Esa maleza se queda en el lugar donde cae, por lo que contribuye a la formaci\u00f3n de materia org\u00e1nica, que sirve de alimento a la planta. Con esta t\u00e9cnica no hay riesgo de da\u00f1ar el cafeto porque elimina el uso de herbicidas. La finca est\u00e1 compuesta por plantas de caf\u00e9 de diferentes edades.<\/p>\n<\/div><\/section><\/p><\/div><div class='av-flex-placeholder'><\/div>\n<style type=\"text\/css\" data-created_by=\"avia_inline_auto\" id=\"style-css-av-3d8i-00100a0e046af634e60ef211de400bd8\">\n.flex_column.av-3d8i-00100a0e046af634e60ef211de400bd8{\n-webkit-border-radius:0px 0px 0px 0px;\n-moz-border-radius:0px 0px 0px 0px;\nborder-radius:0px 0px 0px 0px;\npadding:0px 0px 0px 0px;\n}\n<\/style>\n<div  class='flex_column av-3d8i-00100a0e046af634e60ef211de400bd8 av_one_half  avia-builder-el-51  el_after_av_one_half  avia-builder-el-last  flex_column_table_cell av-equal-height-column av-align-top av-zero-column-padding  '     ><section  class='av_textblock_section av-jmhszkn3-b34269c20572bd365fe0a467dc8ddd3f '   itemscope=\"itemscope\" itemtype=\"https:\/\/schema.org\/CreativeWork\" ><div class='avia_textblock dark'  itemprop=\"text\" ><h4>Notas sobre el Terroir<\/h4>\n<p>Esta zona est\u00e1 muy cerca de la ciudad capital de Guatemala. A medida que la ciudad se expande, cada vez queda menos tierra para el cultivo del caf\u00e9. Tambi\u00e9n es un \u00e1rea con un volc\u00e1n activo que puede ser algo peligroso, pero las cenizas volc\u00e1nicas crean un suelo muy f\u00e9rtil para el caf\u00e9.<\/p>\n<\/div><\/section><\/div><\/div><!--close column table wrapper. Autoclose: 1 -->\n\n<\/div><\/div><\/div><!-- close content main div --><\/div><\/div><\/div><div id='header-image-holder'  class='av-layout-grid-container av-1nj5e-2756eb4803e3776557666a1d21e9af36 entry-content-wrapper main_color av-flex-cells  avia-builder-el-53  el_after_av_section  el_before_av_section  our-coffees-image-holder av-cell-min-height av-cell-min-height-25 grid-row-not-first  container_wrap fullsize'   data-av_minimum_height_pc='25'>\n\n<style type=\"text\/css\" data-created_by=\"avia_inline_auto\" id=\"style-css-av-jmht7pwl-40821719d24acaec007c58cb9ffb3f50\">\n.flex_cell.av-jmht7pwl-40821719d24acaec007c58cb9ffb3f50{\nvertical-align:top;\nbackground:url(https:\/\/80plus.es\/wp-content\/uploads\/2019\/12\/GM-our.jpg) 50% 50% no-repeat scroll ;\n}\n.responsive #top #wrap_all .flex_cell.av-jmht7pwl-40821719d24acaec007c58cb9ffb3f50{\npadding:0px 0px 0px 0px !important;\n}\n<\/style>\n<div class='flex_cell av-jmht7pwl-40821719d24acaec007c58cb9ffb3f50 av-gridrow-cell av_one_full no_margin  avia-builder-el-54  avia-builder-el-no-sibling  av-zero-padding avia-full-stretch'  ><div class='flex_cell_inner'><\/div><\/div>\n<\/div>\n\n<style type=\"text\/css\" data-created_by=\"avia_inline_auto\" id=\"style-css-av-jmht1hqe-8b034a686766ee6f4f439541cd5c9e07\">\n#top .avia-section.av-jmht1hqe-8b034a686766ee6f4f439541cd5c9e07 .scroll-down-link{\ncolor:#000000;\n}\n<\/style>\n<div id='av_section_6'  class='avia-section av-jmht1hqe-8b034a686766ee6f4f439541cd5c9e07 main_color avia-section-large avia-no-border-styling  avia-builder-el-55  el_after_av_layout_row  el_before_av_layout_row  our-coffees-text-holder avia-bg-style-scroll container_wrap fullsize'  ><div class=\"av-section-color-overlay-wrap\"><a href='#next-section' title='' class='scroll-down-link av-custom-scroll-down-color' aria-hidden='true' data-av_icon='\ue877' data-av_iconfont='entypo-fontello'><\/a><div class='container av-section-cont-open' ><div class='template-page content  av-content-full alpha units'><div class='post-entry post-entry-type-page post-entry-958'><div class='entry-content-wrapper clearfix'>\n<div class='flex_column_table av-1qd8e-8944d09fcc77cd063a47d03395132143 sc-av_one_half av-equal-height-column-flextable'>\n<style type=\"text\/css\" data-created_by=\"avia_inline_auto\" id=\"style-css-av-1qd8e-8944d09fcc77cd063a47d03395132143\">\n.flex_column.av-1qd8e-8944d09fcc77cd063a47d03395132143{\n-webkit-border-radius:0px 0px 0px 0px;\n-moz-border-radius:0px 0px 0px 0px;\nborder-radius:0px 0px 0px 0px;\npadding:0 0 0 0;\n}\n<\/style>\n<div  class='flex_column av-1qd8e-8944d09fcc77cd063a47d03395132143 av_one_half  avia-builder-el-56  el_before_av_one_half  avia-builder-el-first  first flex_column_table_cell av-equal-height-column av-align-top av-zero-column-padding  '     ><section  class='av_textblock_section av-jmhszkn3-b34269c20572bd365fe0a467dc8ddd3f '   itemscope=\"itemscope\" itemtype=\"https:\/\/schema.org\/CreativeWork\" ><div class='avia_textblock dark'  itemprop=\"text\" ><h3>LAS DELICIAS (filtro y espresso)<\/h3>\n<\/div><\/section><br \/>\n<section  class='av_textblock_section av-jmhszkn3-de6f6a0a659dde3029ee6dd18ddb41a3 '   itemscope=\"itemscope\" itemtype=\"https:\/\/schema.org\/CreativeWork\" ><div class='avia_textblock dark our-coffees-specs'  itemprop=\"text\" ><ul class=\"our-coffees-specs-list\">\n<li><span class=\"our-coffees-specs-label\">Origen<\/span><span class=\"our-coffees-specs-desc\">El Salvador<\/span><\/li>\n<li><span class=\"our-coffees-specs-label\">Terroir<\/span><span class=\"our-coffees-specs-desc\">Apaneca Ilamatepec, 1800 m<\/span><\/li>\n<li><span class=\"our-coffees-specs-label\">Productor<\/span><span class=\"our-coffees-specs-desc\">Mauricio Escal\u00f3n<\/span><\/li>\n<li><span class=\"our-coffees-specs-label\">Variedad<\/span><span class=\"our-coffees-specs-desc\">Parainema\/span&gt;<\/span><\/li>\n<li><span class=\"our-coffees-specs-label\">Proceso<\/span><span class=\"our-coffees-specs-desc\">Natural<\/span><\/li>\n<li><span class=\"our-coffees-specs-label\">Secado<\/span><span class=\"our-coffees-specs-desc\">Secado al sol en camas elevadas<\/span><\/li>\n<\/ul>\n<ul class=\"our-coffees-specs\">\n<li><span class=\"our-coffees-specs-label\">Aroma<\/span><span class=\"our-coffees-specs-desc\">Fruta tropical<\/span><\/li>\n<li><span class=\"our-coffees-specs-label\">Sabor<\/span><span class=\"our-coffees-specs-desc\">Muy dulce y cremoso<\/span><\/li>\n<\/ul>\n<\/div><\/section><br \/>\n<section  class='av_textblock_section av-jmhszkn3-b34269c20572bd365fe0a467dc8ddd3f '   itemscope=\"itemscope\" itemtype=\"https:\/\/schema.org\/CreativeWork\" ><div class='avia_textblock dark'  itemprop=\"text\" ><p>La finca Las Delicias Estate se encuentra ubicada en la Cordillera de Ilamatepec, en el Cant\u00f3n Palo de Campana, una de las zonas m\u00e1s emblem\u00e1ticas para el Caf\u00e9 de buena calidad de El Salvador. Al mismo tiempo es una de las zonas m\u00e1s altas de cultivo de caf\u00e9 en El Salvador.<\/p>\n<p>La finca se trabaja todo el a\u00f1o en base a un \u201cprotocolo\u201d que define todos los trabajos que se van a realizar en la finca, en funci\u00f3n de la planificaci\u00f3n estrat\u00e9gica de la plantaci\u00f3n. Por ejemplo, el m\u00e9todo de poda de sombra a utilizar, la poda de caf\u00e9, el per\u00edodo de poda de barreras de viento, el m\u00e9todo de renovaci\u00f3n definido para un per\u00edodo de 5 a\u00f1os, las f\u00f3rmulas de fertilizaci\u00f3n seg\u00fan el an\u00e1lisis del suelo, la estrategia de limpieza. El caf\u00e9 se cultiva a la sombra, lo que le da un sabor mucho m\u00e1s interesante debido a una maduraci\u00f3n m\u00e1s lenta y uniforme.<\/p>\n<\/div><\/section><\/p><\/div><div class='av-flex-placeholder'><\/div>\n<style type=\"text\/css\" data-created_by=\"avia_inline_auto\" id=\"style-css-av-3d8i-00100a0e046af634e60ef211de400bd8\">\n.flex_column.av-3d8i-00100a0e046af634e60ef211de400bd8{\n-webkit-border-radius:0px 0px 0px 0px;\n-moz-border-radius:0px 0px 0px 0px;\nborder-radius:0px 0px 0px 0px;\npadding:0px 0px 0px 0px;\n}\n<\/style>\n<div  class='flex_column av-3d8i-00100a0e046af634e60ef211de400bd8 av_one_half  avia-builder-el-60  el_after_av_one_half  avia-builder-el-last  flex_column_table_cell av-equal-height-column av-align-top av-zero-column-padding  '     ><section  class='av_textblock_section av-jmhszkn3-b34269c20572bd365fe0a467dc8ddd3f '   itemscope=\"itemscope\" itemtype=\"https:\/\/schema.org\/CreativeWork\" ><div class='avia_textblock dark'  itemprop=\"text\" ><h4>Notas sobre el Terroir<\/h4>\n<p>La regi\u00f3n de Apaneca &#8211; Ilamatepec es conocida por sus caf\u00e9s de gran calidad que han ganado en muchas competencias de caf\u00e9. El \u00e1rea es la m\u00e1s grande en producci\u00f3n de caf\u00e9 en El Salvador, aunque tiene un volc\u00e1n activo en el \u00e1rea, Santa Ana.<\/p>\n<\/div><\/section><\/div><\/div><!--close column table wrapper. Autoclose: 1 -->\n\n<\/div><\/div><\/div><!-- close content main div --><\/div><\/div><\/div><div id='av-layout-grid-7'  class='av-layout-grid-container av-1nj5e-a28d49c38b907857f1824f3621c8228b entry-content-wrapper main_color av-flex-cells  avia-builder-el-62  el_after_av_section  el_before_av_section  our-coffees-image-holder av-cell-min-height av-cell-min-height-25 grid-row-not-first  container_wrap fullsize'   data-av_minimum_height_pc='25'>\n\n<style type=\"text\/css\" data-created_by=\"avia_inline_auto\" id=\"style-css-av-jmht7pwl-ef45013a81cc907668db4d82d8cfc50e\">\n.flex_cell.av-jmht7pwl-ef45013a81cc907668db4d82d8cfc50e{\nvertical-align:top;\nbackground:url(https:\/\/80plus.es\/wp-content\/uploads\/2018\/10\/headercoffee4.jpg) 0% 0% no-repeat scroll ;\n}\n.responsive #top #wrap_all .flex_cell.av-jmht7pwl-ef45013a81cc907668db4d82d8cfc50e{\npadding:0px 0px 0px 0px !important;\n}\n<\/style>\n<div class='flex_cell av-jmht7pwl-ef45013a81cc907668db4d82d8cfc50e av-gridrow-cell av_one_full no_margin  avia-builder-el-63  avia-builder-el-no-sibling  av-zero-padding avia-full-stretch'  ><div class='flex_cell_inner'><\/div><\/div>\n<\/div>\n\n<style type=\"text\/css\" data-created_by=\"avia_inline_auto\" id=\"style-css-av-jmht1hqe-8b034a686766ee6f4f439541cd5c9e07\">\n#top .avia-section.av-jmht1hqe-8b034a686766ee6f4f439541cd5c9e07 .scroll-down-link{\ncolor:#000000;\n}\n<\/style>\n<div id='av_section_7'  class='avia-section av-jmht1hqe-8b034a686766ee6f4f439541cd5c9e07 main_color avia-section-large avia-no-border-styling  avia-builder-el-64  el_after_av_layout_row  el_before_av_layout_row  our-coffees-text-holder avia-bg-style-scroll container_wrap fullsize'  ><div class=\"av-section-color-overlay-wrap\"><a href='#next-section' title='' class='scroll-down-link av-custom-scroll-down-color' aria-hidden='true' data-av_icon='\ue877' data-av_iconfont='entypo-fontello'><\/a><div class='container av-section-cont-open' ><div class='template-page content  av-content-full alpha units'><div class='post-entry post-entry-type-page post-entry-958'><div class='entry-content-wrapper clearfix'>\n<div class='flex_column_table av-1qd8e-8944d09fcc77cd063a47d03395132143 sc-av_one_half av-equal-height-column-flextable'>\n<style type=\"text\/css\" data-created_by=\"avia_inline_auto\" id=\"style-css-av-1qd8e-8944d09fcc77cd063a47d03395132143\">\n.flex_column.av-1qd8e-8944d09fcc77cd063a47d03395132143{\n-webkit-border-radius:0px 0px 0px 0px;\n-moz-border-radius:0px 0px 0px 0px;\nborder-radius:0px 0px 0px 0px;\npadding:0 0 0 0;\n}\n<\/style>\n<div  class='flex_column av-1qd8e-8944d09fcc77cd063a47d03395132143 av_one_half  avia-builder-el-65  el_before_av_one_half  avia-builder-el-first  first flex_column_table_cell av-equal-height-column av-align-top av-zero-column-padding  '     ><section  class='av_textblock_section av-jmhszkn3-b34269c20572bd365fe0a467dc8ddd3f '   itemscope=\"itemscope\" itemtype=\"https:\/\/schema.org\/CreativeWork\" ><div class='avia_textblock dark'  itemprop=\"text\" ><h3>Peach microlot (espresso y filtro)<\/h3>\n<\/div><\/section><br \/>\n<section  class='av_textblock_section av-jmhszkn3-de6f6a0a659dde3029ee6dd18ddb41a3 '   itemscope=\"itemscope\" itemtype=\"https:\/\/schema.org\/CreativeWork\" ><div class='avia_textblock dark our-coffees-specs'  itemprop=\"text\" ><ul class=\"our-coffees-specs-list\">\n<li><span class=\"our-coffees-specs-label\">Origen<\/span><span class=\"our-coffees-specs-desc\">Nicaragua<\/span><\/li>\n<li><span class=\"our-coffees-specs-label\">Terroir<\/span><span class=\"our-coffees-specs-desc\">Jinotega, 1241 m<\/span><\/li>\n<li><span class=\"our-coffees-specs-label\">Productor<\/span><span class=\"our-coffees-specs-desc\">Ana Carolina<\/span><\/li>\n<li><span class=\"our-coffees-specs-label\">Finca<\/span><span class=\"our-coffees-specs-desc\">La Bendici\u00f3n<\/span><\/li>\n<li><span class=\"our-coffees-specs-label\">Variedad<\/span><span class=\"our-coffees-specs-desc\">Catuai rojo<\/span><\/li>\n<li><span class=\"our-coffees-specs-label\">Proceso<\/span><span class=\"our-coffees-specs-desc\">Lavado<\/span><\/li>\n<li><span class=\"our-coffees-specs-label\">Secado<\/span><span class=\"our-coffees-specs-desc\">Secado al sol en camas africanas<\/span><\/li>\n<\/ul>\n<ul class=\"our-coffees-specs\">\n<li><span class=\"our-coffees-specs-label\">Aroma<\/span><span class=\"our-coffees-specs-desc\">Melocot\u00f3n, miel<\/span><\/li>\n<li><span class=\"our-coffees-specs-label\">Sabor<\/span><span class=\"our-coffees-specs-desc\">Manzana y caramelo<\/span><\/li>\n<\/ul>\n<\/div><\/section><br \/>\n<section  class='av_textblock_section av-jmhszkn3-b34269c20572bd365fe0a467dc8ddd3f '   itemscope=\"itemscope\" itemtype=\"https:\/\/schema.org\/CreativeWork\" ><div class='avia_textblock dark'  itemprop=\"text\" ><p>Otro hermoso caf\u00e9 de los productores de Gold Mountain. El catuai 100% rojo de Ana Carolina est\u00e1 muy lejos del beneficio seco, lo que requiere un viaje de 2 horas para bajar de la monta\u00f1a. Su caf\u00e9 es muy distinto por su acidez malica, y notas a caramelo y melocot\u00f3n que impresiona a los catadores cada a\u00f1o. Todo el lote se despulpa manualmente, sin el uso de un motor de gas o el\u00e9ctrico. Ana Carolina espera construir un nuevo beneficio h\u00famedo en los pr\u00f3ximos a\u00f1os y continuar mejorando el rendimiento de su finca con el apoyo de Gold Mountain Coffee Growers y conexiones directas con tostadores.<\/p>\n<\/div><\/section><\/p><\/div><div class='av-flex-placeholder'><\/div>\n<style type=\"text\/css\" data-created_by=\"avia_inline_auto\" id=\"style-css-av-3d8i-00100a0e046af634e60ef211de400bd8\">\n.flex_column.av-3d8i-00100a0e046af634e60ef211de400bd8{\n-webkit-border-radius:0px 0px 0px 0px;\n-moz-border-radius:0px 0px 0px 0px;\nborder-radius:0px 0px 0px 0px;\npadding:0px 0px 0px 0px;\n}\n<\/style>\n<div  class='flex_column av-3d8i-00100a0e046af634e60ef211de400bd8 av_one_half  avia-builder-el-69  el_after_av_one_half  avia-builder-el-last  flex_column_table_cell av-equal-height-column av-align-top av-zero-column-padding  '     ><section  class='av_textblock_section av-jmhszkn3-b34269c20572bd365fe0a467dc8ddd3f '   itemscope=\"itemscope\" itemtype=\"https:\/\/schema.org\/CreativeWork\" ><div class='avia_textblock dark'  itemprop=\"text\" ><h4>NOTAS SOBRE EL TERROIR<\/h4>\n<p>Jinotega es la regi\u00f3n donde se cultiva el mejor caf\u00e9 de Nicaragua gracias a la altitud. Los caf\u00e9s nicarag\u00fcenses normalmente tienen una acidez suave y agradable, siempre muy redondos y delicados, funcionan fant\u00e1sticamente en el espresso ya que no presentan gustos ni sensaci\u00f3n en boca \u00e1speros. El per\u00edodo de cosecha es de diciembre a abril.<\/p>\n<\/div><\/section><\/div><\/div><!--close column table wrapper. Autoclose: 1 -->\n\n<\/div><\/div><\/div><!-- close content main div --><\/div><\/div><\/div><div id='av-layout-grid-8'  class='av-layout-grid-container av-1nj5e-a28d49c38b907857f1824f3621c8228b entry-content-wrapper main_color av-flex-cells  avia-builder-el-71  el_after_av_section  el_before_av_section  our-coffees-image-holder av-cell-min-height av-cell-min-height-25 grid-row-not-first  container_wrap fullsize'   data-av_minimum_height_pc='25'>\n\n<style type=\"text\/css\" data-created_by=\"avia_inline_auto\" id=\"style-css-av-jmht7pwl-9b64f05f5c769bbaa8e4aa509d0b32ad\">\n.flex_cell.av-jmht7pwl-9b64f05f5c769bbaa8e4aa509d0b32ad{\nvertical-align:top;\nbackground:url(https:\/\/80plus.es\/wp-content\/uploads\/2022\/03\/M-B_ourcoffees.jpg) 0% 0% no-repeat scroll ;\n}\n.responsive #top #wrap_all .flex_cell.av-jmht7pwl-9b64f05f5c769bbaa8e4aa509d0b32ad{\npadding:0px 0px 0px 0px !important;\n}\n<\/style>\n<div class='flex_cell av-jmht7pwl-9b64f05f5c769bbaa8e4aa509d0b32ad av-gridrow-cell av_one_full no_margin  avia-builder-el-72  avia-builder-el-no-sibling  av-zero-padding avia-full-stretch'  ><div class='flex_cell_inner'><\/div><\/div>\n<\/div>\n\n<style type=\"text\/css\" data-created_by=\"avia_inline_auto\" id=\"style-css-av-jmht1hqe-8b034a686766ee6f4f439541cd5c9e07\">\n#top .avia-section.av-jmht1hqe-8b034a686766ee6f4f439541cd5c9e07 .scroll-down-link{\ncolor:#000000;\n}\n<\/style>\n<div id='av_section_8'  class='avia-section av-jmht1hqe-8b034a686766ee6f4f439541cd5c9e07 main_color avia-section-large avia-no-border-styling  avia-builder-el-73  el_after_av_layout_row  el_before_av_layout_row  our-coffees-text-holder avia-bg-style-scroll container_wrap fullsize'  ><div class=\"av-section-color-overlay-wrap\"><a href='#next-section' title='' class='scroll-down-link av-custom-scroll-down-color' aria-hidden='true' data-av_icon='\ue877' data-av_iconfont='entypo-fontello'><\/a><div class='container av-section-cont-open' ><div class='template-page content  av-content-full alpha units'><div class='post-entry post-entry-type-page post-entry-958'><div class='entry-content-wrapper clearfix'>\n<div class='flex_column_table av-1qd8e-8944d09fcc77cd063a47d03395132143 sc-av_one_half av-equal-height-column-flextable'>\n<style type=\"text\/css\" data-created_by=\"avia_inline_auto\" id=\"style-css-av-1qd8e-8944d09fcc77cd063a47d03395132143\">\n.flex_column.av-1qd8e-8944d09fcc77cd063a47d03395132143{\n-webkit-border-radius:0px 0px 0px 0px;\n-moz-border-radius:0px 0px 0px 0px;\nborder-radius:0px 0px 0px 0px;\npadding:0 0 0 0;\n}\n<\/style>\n<div  class='flex_column av-1qd8e-8944d09fcc77cd063a47d03395132143 av_one_half  avia-builder-el-74  el_before_av_one_half  avia-builder-el-first  first flex_column_table_cell av-equal-height-column av-align-top av-zero-column-padding  '     ><section  class='av_textblock_section av-jmhszkn3-b34269c20572bd365fe0a467dc8ddd3f '   itemscope=\"itemscope\" itemtype=\"https:\/\/schema.org\/CreativeWork\" ><div class='avia_textblock dark'  itemprop=\"text\" ><h3>Baklava &amp; Mango (espresso y filtro)<\/h3>\n<\/div><\/section><br \/>\n<section  class='av_textblock_section av-jmhszkn3-de6f6a0a659dde3029ee6dd18ddb41a3 '   itemscope=\"itemscope\" itemtype=\"https:\/\/schema.org\/CreativeWork\" ><div class='avia_textblock dark our-coffees-specs'  itemprop=\"text\" ><ul class=\"our-coffees-specs-list\">\n<li><span class=\"our-coffees-specs-label\">Origen<\/span><span class=\"our-coffees-specs-desc\">Nicaragua<\/span><\/li>\n<li><span class=\"our-coffees-specs-label\">Terroir<\/span><span class=\"our-coffees-specs-desc\">Jinotega y Matagalpa, 1200 &#8211; 1600 m<\/span><\/li>\n<li><span class=\"our-coffees-specs-label\">Productor<\/span><span class=\"our-coffees-specs-desc\">Miembros productores de Gold Mountain Producers<\/span><\/li>\n<li><span class=\"our-coffees-specs-label\">Variedad<\/span><span class=\"our-coffees-specs-desc\">Caturra rojo y amarillo, catuai, red bourbon, pacamara<\/span><\/li>\n<li><span class=\"our-coffees-specs-label\">Proceso<\/span><span class=\"our-coffees-specs-desc\">Natural<\/span><\/li>\n<li><span class=\"our-coffees-specs-label\">Secado<\/span><span class=\"our-coffees-specs-desc\">Secado al sol en camas africanas durante 34 d\u00edas<\/span><\/li>\n<\/ul>\n<ul class=\"our-coffees-specs\">\n<li><span class=\"our-coffees-specs-label\">Aroma<\/span><span class=\"our-coffees-specs-desc\">Mango y miel<\/span><\/li>\n<li><span class=\"our-coffees-specs-label\">Sabor<\/span><span class=\"our-coffees-specs-desc\">Baklava<\/span><\/li>\n<\/ul>\n<\/div><\/section><br \/>\n<section  class='av_textblock_section av-jmhszkn3-b34269c20572bd365fe0a467dc8ddd3f '   itemscope=\"itemscope\" itemtype=\"https:\/\/schema.org\/CreativeWork\" ><div class='avia_textblock dark'  itemprop=\"text\" ><p>Otro caf\u00e9 fant\u00e1stico de Gold Mountain Producers (GMP).<\/p>\n<p>A veces, la recolecci\u00f3n de un d\u00eda en particular en una finca tiene un sabor distinto, y ese es el caso de este microlote de proceso natural de baklava y mango. GMP celebran estos sabores enzim\u00e1ticos al juntar los lotes del d\u00eda en un microlote \u00fanico que comparte este aroma distintivo de mango y baklava.<\/p>\n<p>Este lote se compone de caturra roja y amarilla, catuai roja y amarilla, e incluso algo de pacamara rojo, todas recogidas como cerezas perfectamente maduras y secadas durante unos 34 d\u00edas en camas elevadas para que el aire pueda circular por encima y por debajo de las cerezas. Todo trazable y directo. \u00a1Disfruta de este natural!<\/p>\n<\/div><\/section><\/p><\/div><div class='av-flex-placeholder'><\/div>\n<style type=\"text\/css\" data-created_by=\"avia_inline_auto\" id=\"style-css-av-3d8i-00100a0e046af634e60ef211de400bd8\">\n.flex_column.av-3d8i-00100a0e046af634e60ef211de400bd8{\n-webkit-border-radius:0px 0px 0px 0px;\n-moz-border-radius:0px 0px 0px 0px;\nborder-radius:0px 0px 0px 0px;\npadding:0px 0px 0px 0px;\n}\n<\/style>\n<div  class='flex_column av-3d8i-00100a0e046af634e60ef211de400bd8 av_one_half  avia-builder-el-78  el_after_av_one_half  avia-builder-el-last  flex_column_table_cell av-equal-height-column av-align-top av-zero-column-padding  '     ><section  class='av_textblock_section av-jmhszkn3-b34269c20572bd365fe0a467dc8ddd3f '   itemscope=\"itemscope\" itemtype=\"https:\/\/schema.org\/CreativeWork\" ><div class='avia_textblock dark'  itemprop=\"text\" ><h4>NOTAS SOBRE EL TERROIR<\/h4>\n<p>Jinotega es la regi\u00f3n donde se cultiva el mejor caf\u00e9 de Nicaragua gracias a la altitud. Los caf\u00e9s nicarag\u00fcenses normalmente tienen una acidez suave y agradable, siempre muy redondos y delicados, funcionan fant\u00e1sticamente en el espresso ya que no presentan gustos ni sensaci\u00f3n en boca \u00e1speros. El per\u00edodo de cosecha es de diciembre a abril.<\/p>\n<\/div><\/section><\/div><\/div><!--close column table wrapper. Autoclose: 1 -->\n\n<\/div><\/div><\/div><!-- close content main div --><\/div><\/div><\/div><div id='av-layout-grid-9'  class='av-layout-grid-container av-1nj5e-a28d49c38b907857f1824f3621c8228b entry-content-wrapper main_color av-flex-cells  avia-builder-el-80  el_after_av_section  el_before_av_section  our-coffees-image-holder av-cell-min-height av-cell-min-height-25 grid-row-not-first  container_wrap fullsize'   data-av_minimum_height_pc='25'>\n\n<style type=\"text\/css\" data-created_by=\"avia_inline_auto\" id=\"style-css-av-jmht7pwl-7607cbc06f3d6fbef85408fc1776971f\">\n.flex_cell.av-jmht7pwl-7607cbc06f3d6fbef85408fc1776971f{\nvertical-align:top;\nbackground:url(https:\/\/80plus.es\/wp-content\/uploads\/2018\/10\/80plus-theways-to-serve-header.jpg) 0% 0% no-repeat scroll ;\n}\n.responsive #top #wrap_all .flex_cell.av-jmht7pwl-7607cbc06f3d6fbef85408fc1776971f{\npadding:0px 0px 0px 0px !important;\n}\n<\/style>\n<div class='flex_cell av-jmht7pwl-7607cbc06f3d6fbef85408fc1776971f av-gridrow-cell av_one_full no_margin  avia-builder-el-81  avia-builder-el-no-sibling  av-zero-padding avia-full-stretch'  ><div class='flex_cell_inner'><\/div><\/div>\n<\/div>\n\n<style type=\"text\/css\" data-created_by=\"avia_inline_auto\" id=\"style-css-av-jmht1hqe-8b034a686766ee6f4f439541cd5c9e07\">\n#top .avia-section.av-jmht1hqe-8b034a686766ee6f4f439541cd5c9e07 .scroll-down-link{\ncolor:#000000;\n}\n<\/style>\n<div id='av_section_9'  class='avia-section av-jmht1hqe-8b034a686766ee6f4f439541cd5c9e07 main_color avia-section-large avia-no-border-styling  avia-builder-el-82  el_after_av_layout_row  el_before_av_layout_row  our-coffees-text-holder avia-bg-style-scroll container_wrap fullsize'  ><div class=\"av-section-color-overlay-wrap\"><a href='#next-section' title='' class='scroll-down-link av-custom-scroll-down-color' aria-hidden='true' data-av_icon='\ue877' data-av_iconfont='entypo-fontello'><\/a><div class='container av-section-cont-open' ><div class='template-page content  av-content-full alpha units'><div class='post-entry post-entry-type-page post-entry-958'><div class='entry-content-wrapper clearfix'>\n<div class='flex_column_table av-1qd8e-8944d09fcc77cd063a47d03395132143 sc-av_one_half av-equal-height-column-flextable'>\n<style type=\"text\/css\" data-created_by=\"avia_inline_auto\" id=\"style-css-av-1qd8e-8944d09fcc77cd063a47d03395132143\">\n.flex_column.av-1qd8e-8944d09fcc77cd063a47d03395132143{\n-webkit-border-radius:0px 0px 0px 0px;\n-moz-border-radius:0px 0px 0px 0px;\nborder-radius:0px 0px 0px 0px;\npadding:0 0 0 0;\n}\n<\/style>\n<div  class='flex_column av-1qd8e-8944d09fcc77cd063a47d03395132143 av_one_half  avia-builder-el-83  el_before_av_one_half  avia-builder-el-first  first flex_column_table_cell av-equal-height-column av-align-top av-zero-column-padding  '     ><section  class='av_textblock_section av-jmhszkn3-b34269c20572bd365fe0a467dc8ddd3f '   itemscope=\"itemscope\" itemtype=\"https:\/\/schema.org\/CreativeWork\" ><div class='avia_textblock dark'  itemprop=\"text\" ><h3>Hawari (espresso y filtro)<\/h3>\n<\/div><\/section><br \/>\n<section  class='av_textblock_section av-jmhszkn3-de6f6a0a659dde3029ee6dd18ddb41a3 '   itemscope=\"itemscope\" itemtype=\"https:\/\/schema.org\/CreativeWork\" ><div class='avia_textblock dark our-coffees-specs'  itemprop=\"text\" ><ul class=\"our-coffees-specs-list\">\n<li><span class=\"our-coffees-specs-label\">Origen<\/span><span class=\"our-coffees-specs-desc\">Yemen<\/span><\/li>\n<li><span class=\"our-coffees-specs-label\">Terroir<\/span><span class=\"our-coffees-specs-desc\"> Hawar area, Alqafr districto 2000 &#8211; 2200 masl<\/span><\/li>\n<li><span class=\"our-coffees-specs-label\">Productor<\/span><span class=\"our-coffees-specs-desc\">131 productores<\/span><\/li>\n<li><span class=\"our-coffees-specs-label\">Variedad<\/span><span class=\"our-coffees-specs-desc\">Hawari<\/span><\/li>\n<li><span class=\"our-coffees-specs-label\">Proceso<\/span><span class=\"our-coffees-specs-desc\">Natural secado al sol<\/span><\/li>\n<\/ul>\n<ul class=\"our-coffees-specs\">\n<li><span class=\"our-coffees-specs-label\">Aroma<\/span><span class=\"our-coffees-specs-desc\">Canela y fruta cocida<\/span><\/li>\n<li><span class=\"our-coffees-specs-label\">Sabor<\/span><span class=\"our-coffees-specs-desc\">Ar\u00e1ndano, az\u00facar moreno y un toque de especias<\/span><\/li>\n<\/ul>\n<\/div><\/section><br \/>\n<section  class='av_textblock_section av-jmhszkn3-b34269c20572bd365fe0a467dc8ddd3f '   itemscope=\"itemscope\" itemtype=\"https:\/\/schema.org\/CreativeWork\" ><div class='avia_textblock dark'  itemprop=\"text\" ><p>Esta es la primera vez que 80plus ha tenido el placer de servirles caf\u00e9s de Yemen, \u00fanicos y raros. Este caf\u00e9 proviene espec\u00edficamente de Pearl of Tehama, una empresa de exportaci\u00f3n de caf\u00e9 liderada por una mujer en Yemen, bastante inusual para un mundo que est\u00e1 dominado principalmente por hombres. Gracias a Pearl of Tehama, los productores pueden tener m\u00e1s acceso para solicitar asistencia internacional para las mejoras de infraestructura necesarias como carreteras, escuelas y sistemas de agua.<\/p>\n<\/div><\/section><\/p><\/div><div class='av-flex-placeholder'><\/div>\n<style type=\"text\/css\" data-created_by=\"avia_inline_auto\" id=\"style-css-av-3d8i-00100a0e046af634e60ef211de400bd8\">\n.flex_column.av-3d8i-00100a0e046af634e60ef211de400bd8{\n-webkit-border-radius:0px 0px 0px 0px;\n-moz-border-radius:0px 0px 0px 0px;\nborder-radius:0px 0px 0px 0px;\npadding:0px 0px 0px 0px;\n}\n<\/style>\n<div  class='flex_column av-3d8i-00100a0e046af634e60ef211de400bd8 av_one_half  avia-builder-el-87  el_after_av_one_half  avia-builder-el-last  flex_column_table_cell av-equal-height-column av-align-top av-zero-column-padding  '     ><section  class='av_textblock_section av-jmhszkn3-b34269c20572bd365fe0a467dc8ddd3f '   itemscope=\"itemscope\" itemtype=\"https:\/\/schema.org\/CreativeWork\" ><div class='avia_textblock dark'  itemprop=\"text\" ><h4>NOTAS SOBRE EL TERROIR<\/h4>\n<p>Yemen es uno de los productores de caf\u00e9 m\u00e1s antiguos del mundo y es \u00fanico en su clase. Su clima tan seco permite solo la producci\u00f3n de procesamiento en seco, caf\u00e9s de proceso natural, que le da un sabor caracter\u00edstico muy especial y reconocible con los caf\u00e9s yemen\u00edes. Suelen tener notas que van desde hierbas secas hasta diferentes especias.<\/p>\n<p>Por sus dificultades sociales y econ\u00f3micas, guerras en curso, hambrunas, falta de agua, producir y exportar caf\u00e9 es muy complicado, es fundamental honrarlos, ya que son muy raros.<\/p>\n<\/div><\/section><\/div><\/div><!--close column table wrapper. Autoclose: 1 -->\n\n<\/div><\/div><\/div><!-- close content main div --><\/div><\/div><\/div><div id='av-layout-grid-10'  class='av-layout-grid-container av-1nj5e-a28d49c38b907857f1824f3621c8228b entry-content-wrapper main_color av-flex-cells  avia-builder-el-89  el_after_av_section  el_before_av_section  our-coffees-image-holder av-cell-min-height av-cell-min-height-25 grid-row-not-first  container_wrap fullsize'   data-av_minimum_height_pc='25'>\n\n<style type=\"text\/css\" data-created_by=\"avia_inline_auto\" id=\"style-css-av-jmht7pwl-f86d55f8771eda7487215010954e79f2\">\n.flex_cell.av-jmht7pwl-f86d55f8771eda7487215010954e79f2{\nvertical-align:top;\nbackground:url(https:\/\/80plus.es\/wp-content\/uploads\/2020\/03\/LaPlata-our.jpg) 0% 0% no-repeat scroll ;\n}\n.responsive #top #wrap_all .flex_cell.av-jmht7pwl-f86d55f8771eda7487215010954e79f2{\npadding:0px 0px 0px 0px !important;\n}\n<\/style>\n<div class='flex_cell av-jmht7pwl-f86d55f8771eda7487215010954e79f2 av-gridrow-cell av_one_full no_margin  avia-builder-el-90  avia-builder-el-no-sibling  av-zero-padding avia-full-stretch'  ><div class='flex_cell_inner'><\/div><\/div>\n<\/div>\n\n<style type=\"text\/css\" data-created_by=\"avia_inline_auto\" id=\"style-css-av-jmht1hqe-8b034a686766ee6f4f439541cd5c9e07\">\n#top .avia-section.av-jmht1hqe-8b034a686766ee6f4f439541cd5c9e07 .scroll-down-link{\ncolor:#000000;\n}\n<\/style>\n<div id='av_section_10'  class='avia-section av-jmht1hqe-8b034a686766ee6f4f439541cd5c9e07 main_color avia-section-large avia-no-border-styling  avia-builder-el-91  el_after_av_layout_row  avia-builder-el-last  our-coffees-text-holder avia-bg-style-scroll container_wrap fullsize'  ><div class=\"av-section-color-overlay-wrap\"><a href='#next-section' title='' class='scroll-down-link av-custom-scroll-down-color' aria-hidden='true' data-av_icon='\ue877' data-av_iconfont='entypo-fontello'><\/a><div class='container av-section-cont-open' ><div class='template-page content  av-content-full alpha units'><div class='post-entry post-entry-type-page post-entry-958'><div class='entry-content-wrapper clearfix'>\n<div class='flex_column_table av-1qd8e-8944d09fcc77cd063a47d03395132143 sc-av_one_half av-equal-height-column-flextable'>\n<style type=\"text\/css\" data-created_by=\"avia_inline_auto\" id=\"style-css-av-1qd8e-8944d09fcc77cd063a47d03395132143\">\n.flex_column.av-1qd8e-8944d09fcc77cd063a47d03395132143{\n-webkit-border-radius:0px 0px 0px 0px;\n-moz-border-radius:0px 0px 0px 0px;\nborder-radius:0px 0px 0px 0px;\npadding:0 0 0 0;\n}\n<\/style>\n<div  class='flex_column av-1qd8e-8944d09fcc77cd063a47d03395132143 av_one_half  avia-builder-el-92  el_before_av_one_half  avia-builder-el-first  first flex_column_table_cell av-equal-height-column av-align-top av-zero-column-padding  '     ><section  class='av_textblock_section av-jmhszkn3-b34269c20572bd365fe0a467dc8ddd3f '   itemscope=\"itemscope\" itemtype=\"https:\/\/schema.org\/CreativeWork\" ><div class='avia_textblock dark'  itemprop=\"text\" ><h3>Azahar variety pack (espresso y filtro)<\/h3>\n<\/div><\/section><br \/>\n<section  class='av_textblock_section av-jmhszkn3-de6f6a0a659dde3029ee6dd18ddb41a3 '   itemscope=\"itemscope\" itemtype=\"https:\/\/schema.org\/CreativeWork\" ><div class='avia_textblock dark our-coffees-specs'  itemprop=\"text\" ><ul class=\"our-coffees-specs-list\">\n<li><span class=\"our-coffees-specs-label\">Origen<\/span><span class=\"our-coffees-specs-desc\">Colombia<\/span><\/li>\n<li><span class=\"our-coffees-specs-label\">Terroir<\/span><span class=\"our-coffees-specs-desc\">Quind\u00edo, G\u00e9nova, 1650 masl<\/span><\/li>\n<li><span class=\"our-coffees-specs-label\">Productor<\/span><span class=\"our-coffees-specs-desc\">Manfred Hiller<\/span><\/li>\n<li><span class=\"our-coffees-specs-label\">Finca<\/span><span class=\"our-coffees-specs-desc\">Anda Luz<\/span><\/li>\n<li><span class=\"our-coffees-specs-label\">Variedades singulares<\/span><span class=\"our-coffees-specs-desc\">Geisha, Java y Typica<\/span><\/li>\n<li><span class=\"our-coffees-specs-label\">Proceso<\/span><span class=\"our-coffees-specs-desc\">Lavado &#8211; 48 horas de fermentaci\u00f3n en cereza, 12 horas de fermentaci\u00f3n en tanque<\/span><\/li>\n<\/ul>\n<\/div><\/section><br \/>\n<section  class='av_textblock_section av-jmhszkn3-b34269c20572bd365fe0a467dc8ddd3f '   itemscope=\"itemscope\" itemtype=\"https:\/\/schema.org\/CreativeWork\" ><div class='avia_textblock dark'  itemprop=\"text\" ><p>Ubicada en el departamento del Quind\u00edo, Finca Anda Luz tiene una superficie de 64 hect\u00e1reas, 19 ha son reserva forestal protegida y 34 est\u00e1n plantados con caf\u00e9; 17 hect\u00e1reas de Castillo y otras 17 de cinco varietales: Geisha, Java, Wush Wush, Moka y Bourbon.<\/p>\n<p>Manfred tiene 60 a\u00f1os, recibe su nombre no colombiano de su padre, quien lleg\u00f3 a Colombia en 1951. En 1972, su padre, Manfred Hiller Sr., compr\u00f3 una antigua finca de caf\u00e9 Typica en el pueblo de Silvania. Desafortunadamente, solo dos a\u00f1os despu\u00e9s, Manfred Sr. falleci\u00f3, dejando a Manfred Jr. de 14 a\u00f1os a cargo de la granja familiar. Recuerda que lleg\u00f3 a casa de la escuela e inmediatamente se fue a trabajar en la finca. Eventualmente pas\u00f3 a estudiar ingenier\u00eda agron\u00f3mica, una carrera que lo llevar\u00eda por todo el mundo durante los pr\u00f3ximos 25 a\u00f1os.<\/p>\n<p>Despu\u00e9s de sus viajes y despu\u00e9s de descubrir el caf\u00e9 espresso, Manfred comenz\u00f3 a aprender todo lo que pudo sobre el cultivo del caf\u00e9 en Brasil y Guatemala, Panam\u00e1 y El Salvador.<\/p>\n<p>La familia Hiller ha comenzado a trabajar hacia el sue\u00f1o de la familia de mantener un equilibrio social, ambiental y econ\u00f3mico a trav\u00e9s de su trabajo con el caf\u00e9. Est\u00e1n desarrollando diferentes proyectos de impacto social centrados en las recolectoras locales y sus hijos, ense\u00f1ando el arte cuidadoso de seleccionar a mano las cerezas de caf\u00e9 a las mujeres y brindando cuidado y educaci\u00f3n a sus hijos durante la jornada laboral. Tambi\u00e9n proh\u00edben la deforestaci\u00f3n y la caza en su propiedad y son muy cuidadosos con sus sistemas agr\u00edcolas sostenibles para no contaminar los cuatro manantiales naturales que se encuentran en su reserva forestal, que tambi\u00e9n alimenta a sus fincas vecinas.<\/p>\n<p>Manfred cree que el caf\u00e9 deber\u00eda ser desmercantilizado y espera poder contratar trabajadores locales m\u00e1s permanentes con el objetivo final de poder proporcionar un trabajo estable y salarios justos a los miembros de su comunidad.<\/p>\n<\/div><\/section><\/p><\/div><div class='av-flex-placeholder'><\/div>\n<style type=\"text\/css\" data-created_by=\"avia_inline_auto\" id=\"style-css-av-3d8i-00100a0e046af634e60ef211de400bd8\">\n.flex_column.av-3d8i-00100a0e046af634e60ef211de400bd8{\n-webkit-border-radius:0px 0px 0px 0px;\n-moz-border-radius:0px 0px 0px 0px;\nborder-radius:0px 0px 0px 0px;\npadding:0px 0px 0px 0px;\n}\n<\/style>\n<div  class='flex_column av-3d8i-00100a0e046af634e60ef211de400bd8 av_one_half  avia-builder-el-96  el_after_av_one_half  avia-builder-el-last  flex_column_table_cell av-equal-height-column av-align-top av-zero-column-padding  '     ><section  class='av_textblock_section av-jmhszkn3-b34269c20572bd365fe0a467dc8ddd3f '   itemscope=\"itemscope\" itemtype=\"https:\/\/schema.org\/CreativeWork\" ><div class='avia_textblock dark'  itemprop=\"text\" ><h4>NOTAS SOBRE EL TERROIR<\/h4>\n<p>Anda Luz se encuentra entre 1.500 y 1.980 msnm y el suelo es mayoritariamente de origen volc\u00e1nico, con algunas partes de franco arcilloso. Adem\u00e1s del caf\u00e9, Manfred cultiva pl\u00e1tanos para dar sombra. Este terru\u00f1o otorga incre\u00edbles caracter\u00edsticas de sabor a los caf\u00e9s.<\/p>\n<p>Las tres variedades permanecieron intactas durante 48 horas antes de que la cereza fuera despulpada y<\/p>\n<p>fermentado durante 12 horas en dep\u00f3sitos con agua. A continuaci\u00f3n, los granos se lavaron y se dejaron secar durante 8 (Geisha), 12 (Java) y 15 d\u00edas (Typica), respectivamente.<\/p>\n<p><strong>INFORMACI<\/strong><strong>\u00d3<\/strong><strong>N SOBRE LA EMPRESA DE SUMINISTRO Y LOG<\/strong><strong>\u00cd<\/strong><strong>STICA<\/strong><\/p>\n<p>El caf\u00e9 Azahar es una empresa fant\u00e1stica creada por j\u00f3venes enamorados del caf\u00e9 de especialidad y firmes creencias por la sostenibilidad tanto socioecon\u00f3mica como ecol\u00f3gica. No calculan los precios para los agricultores en funci\u00f3n del precio vol\u00e1til del mercado del caf\u00e9, sino que hacen un estudio exhaustivo sobre lo que los agricultores necesitan gastar para el cultivo y la cosecha como m\u00ednimo absoluto y garantizan un pago justo para todos en funci\u00f3n de la calidad de su producto.<\/p>\n<\/div><\/section><\/div><\/div><!--close column table wrapper. Autoclose: 1 -->\n\n","protected":false},"excerpt":{"rendered":"","protected":false},"author":1,"featured_media":0,"parent":0,"menu_order":0,"comment_status":"closed","ping_status":"closed","template":"","meta":{"_acf_changed":false,"footnotes":""},"class_list":["post-958","page","type-page","status-publish","hentry"],"acf":[],"yoast_head":"<!-- This site is optimized with the Yoast SEO plugin v27.4 - https:\/\/yoast.com\/product\/yoast-seo-wordpress\/ -->\n<title>Nuestros caf\u00e9s - 80plus<\/title>\n<meta name=\"robots\" content=\"index, follow, max-snippet:-1, max-image-preview:large, max-video-preview:-1\" \/>\n<link rel=\"canonical\" href=\"https:\/\/80plus.es\/?page_id=22\" \/>\n<meta property=\"og:locale\" content=\"es_ES\" \/>\n<meta property=\"og:type\" content=\"article\" \/>\n<meta property=\"og:title\" content=\"Nuestros caf\u00e9s - 80plus\" \/>\n<meta property=\"og:url\" content=\"https:\/\/80plus.es\/?page_id=22\" \/>\n<meta property=\"og:site_name\" content=\"80plus\" \/>\n<meta property=\"article:publisher\" content=\"https:\/\/www.facebook.com\/80plusspecialtycoffee\" \/>\n<meta property=\"article:modified_time\" content=\"2022-06-08T08:03:21+00:00\" \/>\n<meta name=\"twitter:card\" content=\"summary_large_image\" \/>\n<meta name=\"twitter:label1\" content=\"Tiempo de lectura\" \/>\n\t<meta name=\"twitter:data1\" content=\"42 minutos\" \/>\n<script type=\"application\/ld+json\" class=\"yoast-schema-graph\">{\"@context\":\"https:\\\/\\\/schema.org\",\"@graph\":[{\"@type\":\"WebPage\",\"@id\":\"https:\\\/\\\/80plus.es\\\/?page_id=22\",\"url\":\"https:\\\/\\\/80plus.es\\\/?page_id=22\",\"name\":\"Nuestros caf\u00e9s - 80plus\",\"isPartOf\":{\"@id\":\"https:\\\/\\\/80plus.es\\\/#website\"},\"datePublished\":\"2018-09-24T14:29:36+00:00\",\"dateModified\":\"2022-06-08T08:03:21+00:00\",\"breadcrumb\":{\"@id\":\"https:\\\/\\\/80plus.es\\\/?page_id=22#breadcrumb\"},\"inLanguage\":\"es\",\"potentialAction\":[{\"@type\":\"ReadAction\",\"target\":[\"https:\\\/\\\/80plus.es\\\/?page_id=22\"]}]},{\"@type\":\"BreadcrumbList\",\"@id\":\"https:\\\/\\\/80plus.es\\\/?page_id=22#breadcrumb\",\"itemListElement\":[{\"@type\":\"ListItem\",\"position\":1,\"name\":\"Home\",\"item\":\"https:\\\/\\\/80plus.es\\\/es\\\/\"},{\"@type\":\"ListItem\",\"position\":2,\"name\":\"Nuestros caf\u00e9s\"}]},{\"@type\":\"WebSite\",\"@id\":\"https:\\\/\\\/80plus.es\\\/#website\",\"url\":\"https:\\\/\\\/80plus.es\\\/\",\"name\":\"80plus\",\"description\":\"Specialty Coffee\",\"publisher\":{\"@id\":\"https:\\\/\\\/80plus.es\\\/#organization\"},\"potentialAction\":[{\"@type\":\"SearchAction\",\"target\":{\"@type\":\"EntryPoint\",\"urlTemplate\":\"https:\\\/\\\/80plus.es\\\/?s={search_term_string}\"},\"query-input\":{\"@type\":\"PropertyValueSpecification\",\"valueRequired\":true,\"valueName\":\"search_term_string\"}}],\"inLanguage\":\"es\"},{\"@type\":\"Organization\",\"@id\":\"https:\\\/\\\/80plus.es\\\/#organization\",\"name\":\"80plus\",\"url\":\"https:\\\/\\\/80plus.es\\\/\",\"logo\":{\"@type\":\"ImageObject\",\"inLanguage\":\"es\",\"@id\":\"https:\\\/\\\/80plus.es\\\/#\\\/schema\\\/logo\\\/image\\\/\",\"url\":\"http:\\\/\\\/80plus.es\\\/wp-content\\\/uploads\\\/2020\\\/05\\\/Untitled-1-1.png\",\"contentUrl\":\"http:\\\/\\\/80plus.es\\\/wp-content\\\/uploads\\\/2020\\\/05\\\/Untitled-1-1.png\",\"width\":400,\"height\":140,\"caption\":\"80plus\"},\"image\":{\"@id\":\"https:\\\/\\\/80plus.es\\\/#\\\/schema\\\/logo\\\/image\\\/\"},\"sameAs\":[\"https:\\\/\\\/www.facebook.com\\\/80plusspecialtycoffee\",\"https:\\\/\\\/www.instagram.com\\\/80plus.coffee\\\/\",\"https:\\\/\\\/www.linkedin.com\\\/company\\\/80plus-specialty-coffee\"]}]}<\/script>\n<!-- \/ Yoast SEO plugin. -->","yoast_head_json":{"title":"Nuestros caf\u00e9s - 80plus","robots":{"index":"index","follow":"follow","max-snippet":"max-snippet:-1","max-image-preview":"max-image-preview:large","max-video-preview":"max-video-preview:-1"},"canonical":"https:\/\/80plus.es\/?page_id=22","og_locale":"es_ES","og_type":"article","og_title":"Nuestros caf\u00e9s - 80plus","og_url":"https:\/\/80plus.es\/?page_id=22","og_site_name":"80plus","article_publisher":"https:\/\/www.facebook.com\/80plusspecialtycoffee","article_modified_time":"2022-06-08T08:03:21+00:00","twitter_card":"summary_large_image","twitter_misc":{"Tiempo de lectura":"42 minutos"},"schema":{"@context":"https:\/\/schema.org","@graph":[{"@type":"WebPage","@id":"https:\/\/80plus.es\/?page_id=22","url":"https:\/\/80plus.es\/?page_id=22","name":"Nuestros caf\u00e9s - 80plus","isPartOf":{"@id":"https:\/\/80plus.es\/#website"},"datePublished":"2018-09-24T14:29:36+00:00","dateModified":"2022-06-08T08:03:21+00:00","breadcrumb":{"@id":"https:\/\/80plus.es\/?page_id=22#breadcrumb"},"inLanguage":"es","potentialAction":[{"@type":"ReadAction","target":["https:\/\/80plus.es\/?page_id=22"]}]},{"@type":"BreadcrumbList","@id":"https:\/\/80plus.es\/?page_id=22#breadcrumb","itemListElement":[{"@type":"ListItem","position":1,"name":"Home","item":"https:\/\/80plus.es\/es\/"},{"@type":"ListItem","position":2,"name":"Nuestros caf\u00e9s"}]},{"@type":"WebSite","@id":"https:\/\/80plus.es\/#website","url":"https:\/\/80plus.es\/","name":"80plus","description":"Specialty Coffee","publisher":{"@id":"https:\/\/80plus.es\/#organization"},"potentialAction":[{"@type":"SearchAction","target":{"@type":"EntryPoint","urlTemplate":"https:\/\/80plus.es\/?s={search_term_string}"},"query-input":{"@type":"PropertyValueSpecification","valueRequired":true,"valueName":"search_term_string"}}],"inLanguage":"es"},{"@type":"Organization","@id":"https:\/\/80plus.es\/#organization","name":"80plus","url":"https:\/\/80plus.es\/","logo":{"@type":"ImageObject","inLanguage":"es","@id":"https:\/\/80plus.es\/#\/schema\/logo\/image\/","url":"http:\/\/80plus.es\/wp-content\/uploads\/2020\/05\/Untitled-1-1.png","contentUrl":"http:\/\/80plus.es\/wp-content\/uploads\/2020\/05\/Untitled-1-1.png","width":400,"height":140,"caption":"80plus"},"image":{"@id":"https:\/\/80plus.es\/#\/schema\/logo\/image\/"},"sameAs":["https:\/\/www.facebook.com\/80plusspecialtycoffee","https:\/\/www.instagram.com\/80plus.coffee\/","https:\/\/www.linkedin.com\/company\/80plus-specialty-coffee"]}]}},"_links":{"self":[{"href":"https:\/\/80plus.es\/es\/wp-json\/wp\/v2\/pages\/958","targetHints":{"allow":["GET"]}}],"collection":[{"href":"https:\/\/80plus.es\/es\/wp-json\/wp\/v2\/pages"}],"about":[{"href":"https:\/\/80plus.es\/es\/wp-json\/wp\/v2\/types\/page"}],"author":[{"embeddable":true,"href":"https:\/\/80plus.es\/es\/wp-json\/wp\/v2\/users\/1"}],"replies":[{"embeddable":true,"href":"https:\/\/80plus.es\/es\/wp-json\/wp\/v2\/comments?post=958"}],"version-history":[{"count":0,"href":"https:\/\/80plus.es\/es\/wp-json\/wp\/v2\/pages\/958\/revisions"}],"wp:attachment":[{"href":"https:\/\/80plus.es\/es\/wp-json\/wp\/v2\/media?parent=958"}],"curies":[{"name":"wp","href":"https:\/\/api.w.org\/{rel}","templated":true}]}}